{"id":18129,"date":"2019-04-01T23:06:19","date_gmt":"2019-04-01T23:06:19","guid":{"rendered":"http:\/\/caridad-old.demo.vamtam.com\/?page_id=18129"},"modified":"2024-08-19T12:42:22","modified_gmt":"2024-08-19T10:42:22","slug":"wspolpraca","status":"publish","type":"page","link":"https:\/\/www.fpc.org.pl\/eng\/wspolpraca\/","title":{"rendered":"Cooperation"},"content":{"rendered":"\t\t<div data-elementor-type=\"wp-page\" data-elementor-id=\"18129\" class=\"elementor elementor-18129\" data-elementor-post-type=\"page\">\n\t\t\t\t\t\t<section class=\"elementor-section elementor-top-section elementor-element elementor-element-fccdb9c elementor-section-full_width elementor-section-height-min-height animated-fast elementor-section-height-default elementor-section-items-middle elementor-invisible\" data-id=\"fccdb9c\" data-element_type=\"section\" data-e-type=\"section\" data-settings=\"{&quot;background_background&quot;:&quot;classic&quot;,&quot;animation&quot;:&quot;fadeIn&quot;,&quot;animation_tablet&quot;:&quot;none&quot;}\">\n\t\t\t\t\t\t\t<div class=\"elementor-background-overlay\"><\/div>\n\t\t\t\t\t\t\t<div class=\"elementor-container elementor-column-gap-no\">\n\t\t\t\t\t<div class=\"elementor-column elementor-col-100 elementor-top-column elementor-element elementor-element-fe2ea30\" data-id=\"fe2ea30\" data-element_type=\"column\" data-e-type=\"column\">\n\t\t\t<div class=\"elementor-widget-wrap\">\n\t\t\t\t\t\t\t<\/div>\n\t\t<\/div>\n\t\t\t\t\t<\/div>\n\t\t<\/section>\n\t\t\t\t<section class=\"elementor-section elementor-top-section elementor-element elementor-element-bf720bf elementor-section-boxed elementor-section-height-default elementor-section-height-default\" data-id=\"bf720bf\" data-element_type=\"section\" data-e-type=\"section\">\n\t\t\t\t\t\t<div class=\"elementor-container elementor-column-gap-no\">\n\t\t\t\t\t<div class=\"elementor-column elementor-col-50 elementor-top-column elementor-element elementor-element-d5a9aba\" data-id=\"d5a9aba\" data-element_type=\"column\" data-e-type=\"column\" data-settings=\"{&quot;motion_fx_motion_fx_scrolling&quot;:&quot;yes&quot;,&quot;motion_fx_translateY_effect&quot;:&quot;yes&quot;,&quot;motion_fx_translateY_speed&quot;:{&quot;unit&quot;:&quot;px&quot;,&quot;size&quot;:1,&quot;sizes&quot;:[]},&quot;motion_fx_devices&quot;:[&quot;desktop&quot;],&quot;motion_fx_translateY_affectedRange&quot;:{&quot;unit&quot;:&quot;%&quot;,&quot;size&quot;:&quot;&quot;,&quot;sizes&quot;:{&quot;start&quot;:0,&quot;end&quot;:100}}}\">\n\t\t\t<div class=\"elementor-widget-wrap elementor-element-populated\">\n\t\t\t\t\t\t<div class=\"elementor-element elementor-element-a6afcb9 elementor-widget elementor-widget-heading\" data-id=\"a6afcb9\" data-element_type=\"widget\" data-e-type=\"widget\" data-widget_type=\"heading.default\">\n\t\t\t\t<div class=\"elementor-widget-container\">\n\t\t\t\t\t<h4 class=\"elementor-heading-title elementor-size-default\">o nas<\/h4>\t\t\t\t<\/div>\n\t\t\t\t<\/div>\n\t\t\t\t<div class=\"elementor-element elementor-element-1fa740f elementor-widget__width-auto elementor-widget-tablet__width-auto elementor-widget-mobile__width-inherit vamtam-align-left elementor-widget elementor-widget-heading\" data-id=\"1fa740f\" data-element_type=\"widget\" data-e-type=\"widget\" data-widget_type=\"heading.heading_caridad\">\n\t\t\t\t<div class=\"elementor-widget-container\">\n\t\t\t\t\t<h1 class='vamtam-heading-wrapper'><div class=\"elementor-heading-title\">Wsp\u00f3\u0142praca<\/div><\/h1>\t\t\t\t<\/div>\n\t\t\t\t<\/div>\n\t\t\t\t\t<\/div>\n\t\t<\/div>\n\t\t\t\t<div class=\"elementor-column elementor-col-50 elementor-top-column elementor-element elementor-element-47d4113 elementor-hidden-desktop elementor-hidden-tablet elementor-hidden-phone\" data-id=\"47d4113\" data-element_type=\"column\" data-e-type=\"column\">\n\t\t\t<div class=\"elementor-widget-wrap\">\n\t\t\t\t\t\t\t<\/div>\n\t\t<\/div>\n\t\t\t\t\t<\/div>\n\t\t<\/section>\n\t\t\t\t<section class=\"elementor-section elementor-top-section elementor-element elementor-element-aef85cc elementor-reverse-mobile elementor-section-boxed elementor-section-height-default elementor-section-height-default\" data-id=\"aef85cc\" data-element_type=\"section\" data-e-type=\"section\">\n\t\t\t\t\t\t<div class=\"elementor-container elementor-column-gap-no\">\n\t\t\t\t\t<div class=\"elementor-column elementor-col-50 elementor-top-column elementor-element elementor-element-89f8239\" data-id=\"89f8239\" data-element_type=\"column\" data-e-type=\"column\">\n\t\t\t<div class=\"elementor-widget-wrap elementor-element-populated\">\n\t\t\t\t\t\t<div class=\"elementor-element elementor-element-ec7d939 elementor-widget__width-initial elementor-widget-mobile__width-initial elementor-widget-tablet__width-initial elementor-widget elementor-widget-text-editor\" data-id=\"ec7d939\" data-element_type=\"widget\" data-e-type=\"widget\" data-widget_type=\"text-editor.default\">\n\t\t\t\t<div class=\"elementor-widget-container\">\n\t\t\t\t\t\t\t\t\t<p>Chcieliby\u015bmy, by czytelnictwo w Polsce osi\u0105gn\u0119\u0142o poziom jaki osi\u0105ga w wielu krajach europejskich: oko\u0142o 70%.<br \/><strong>Dzi\u015b jedynie 40% naszej populacji czyta.<\/strong><\/p><p>Przeprowadzenie tej zmiany to jedno z najwa\u017cniejszych i zarazem najtrudniejszych wyzwa\u0144 wsp\u00f3\u0142czesnej Polski.<br \/>Wymaga wsp\u00f3lnej wyt\u0119\u017conej pracy bardzo wielu si\u0142 i pot\u0119\u017cnych inwestycji \u2013 a przysz\u0142y rozw\u00f3j naszego kraju b\u0119dzie od tego zale\u017ca\u0142. Zwi\u0119kszenie populacji czytaj\u0105cych jest dzi\u015b polsk\u0105 racj\u0105 stanu<\/p>\t\t\t\t\t\t\t\t<\/div>\n\t\t\t\t<\/div>\n\t\t\t\t\t<\/div>\n\t\t<\/div>\n\t\t\t\t<div class=\"elementor-column elementor-col-50 elementor-top-column elementor-element elementor-element-832c9dc\" data-id=\"832c9dc\" data-element_type=\"column\" data-e-type=\"column\">\n\t\t\t<div class=\"elementor-widget-wrap elementor-element-populated\">\n\t\t\t\t\t\t<div class=\"elementor-element elementor-element-0c05fec elementor-widget__width-initial elementor-widget elementor-widget-heading\" data-id=\"0c05fec\" data-element_type=\"widget\" data-e-type=\"widget\" data-widget_type=\"heading.default\">\n\t\t\t\t<div class=\"elementor-widget-container\">\n\t\t\t\t\t<h2 class=\"elementor-heading-title elementor-size-default\">Dzielimy si\u0119 wiedz\u0105 eksperck\u0105<\/h2>\t\t\t\t<\/div>\n\t\t\t\t<\/div>\n\t\t\t\t\t<\/div>\n\t\t<\/div>\n\t\t\t\t\t<\/div>\n\t\t<\/section>\n\t\t\t\t<section class=\"elementor-section elementor-top-section elementor-element elementor-element-398e310 elementor-section-boxed elementor-section-height-default elementor-section-height-default\" data-id=\"398e310\" data-element_type=\"section\" data-e-type=\"section\">\n\t\t\t\t\t\t<div class=\"elementor-container elementor-column-gap-no\">\n\t\t\t\t\t<div class=\"elementor-column elementor-col-50 elementor-top-column elementor-element elementor-element-df04243\" data-id=\"df04243\" data-element_type=\"column\" data-e-type=\"column\">\n\t\t\t<div class=\"elementor-widget-wrap elementor-element-populated\">\n\t\t\t\t\t\t<div class=\"elementor-element elementor-element-d2d0461 elementor-invisible elementor-widget elementor-widget-image\" data-id=\"d2d0461\" data-element_type=\"widget\" data-e-type=\"widget\" data-settings=\"{&quot;_animation&quot;:&quot;fadeIn&quot;,&quot;_animation_delay&quot;:500,&quot;_animation_tablet&quot;:&quot;none&quot;}\" data-widget_type=\"image.default\">\n\t\t\t\t<div class=\"elementor-widget-container\">\n\t\t\t\t\t\t\t\t\t<div class=\"elementor-image\">\n\t\t\t\t\t\t\t\t\t\t\t\t\t\t\t\t\t\t\t\t\t<img fetchpriority=\"high\" decoding=\"async\" width=\"1646\" height=\"800\" src=\"https:\/\/www.fpc.org.pl\/wp-content\/uploads\/2024\/07\/Projekt-bez-nazwy-2024-07-22T144555.801.png\" class=\"attachment-full size-full wp-image-988070\" alt=\"\" srcset=\"https:\/\/www.fpc.org.pl\/wp-content\/uploads\/2024\/07\/Projekt-bez-nazwy-2024-07-22T144555.801.png 1646w, https:\/\/www.fpc.org.pl\/wp-content\/uploads\/2024\/07\/Projekt-bez-nazwy-2024-07-22T144555.801-630x306.png 630w, https:\/\/www.fpc.org.pl\/wp-content\/uploads\/2024\/07\/Projekt-bez-nazwy-2024-07-22T144555.801-300x146.png 300w, https:\/\/www.fpc.org.pl\/wp-content\/uploads\/2024\/07\/Projekt-bez-nazwy-2024-07-22T144555.801-1024x498.png 1024w, https:\/\/www.fpc.org.pl\/wp-content\/uploads\/2024\/07\/Projekt-bez-nazwy-2024-07-22T144555.801-768x373.png 768w, https:\/\/www.fpc.org.pl\/wp-content\/uploads\/2024\/07\/Projekt-bez-nazwy-2024-07-22T144555.801-1536x747.png 1536w, https:\/\/www.fpc.org.pl\/wp-content\/uploads\/2024\/07\/Projekt-bez-nazwy-2024-07-22T144555.801-1260x612.png 1260w\" sizes=\"(max-width: 1646px) 100vw, 1646px\" \/>\t\t\t\t\t\t\t\t\t\t\t\t\t\t\t\t\t\t\t\t\t\t\t\t<\/div>\n\t\t\t\t\t\t\t\t<\/div>\n\t\t\t\t<\/div>\n\t\t\t\t\t<\/div>\n\t\t<\/div>\n\t\t\t\t<div class=\"elementor-column elementor-col-50 elementor-top-column elementor-element elementor-element-e15d6ed\" data-id=\"e15d6ed\" data-element_type=\"column\" data-e-type=\"column\">\n\t\t\t<div class=\"elementor-widget-wrap elementor-element-populated\">\n\t\t\t\t\t\t<div class=\"elementor-element elementor-element-94eb2e9 elementor-invisible elementor-widget elementor-widget-image\" data-id=\"94eb2e9\" data-element_type=\"widget\" data-e-type=\"widget\" data-settings=\"{&quot;_animation&quot;:&quot;fadeIn&quot;,&quot;_animation_delay&quot;:500,&quot;_animation_tablet&quot;:&quot;none&quot;}\" data-widget_type=\"image.default\">\n\t\t\t\t<div class=\"elementor-widget-container\">\n\t\t\t\t\t\t\t\t\t<div class=\"elementor-image\">\n\t\t\t\t\t\t\t\t\t\t\t\t\t\t\t\t\t\t\t\t\t<img decoding=\"async\" width=\"658\" height=\"800\" src=\"https:\/\/www.fpc.org.pl\/wp-content\/uploads\/2024\/07\/Projekt-bez-nazwy-2024-07-22T144804.715.png\" class=\"attachment-full size-full wp-image-988071\" alt=\"\" srcset=\"https:\/\/www.fpc.org.pl\/wp-content\/uploads\/2024\/07\/Projekt-bez-nazwy-2024-07-22T144804.715.png 658w, https:\/\/www.fpc.org.pl\/wp-content\/uploads\/2024\/07\/Projekt-bez-nazwy-2024-07-22T144804.715-630x766.png 630w, https:\/\/www.fpc.org.pl\/wp-content\/uploads\/2024\/07\/Projekt-bez-nazwy-2024-07-22T144804.715-247x300.png 247w\" sizes=\"(max-width: 658px) 100vw, 658px\" \/>\t\t\t\t\t\t\t\t\t\t\t\t\t\t\t\t\t\t\t\t\t\t\t\t<\/div>\n\t\t\t\t\t\t\t\t<\/div>\n\t\t\t\t<\/div>\n\t\t\t\t\t<\/div>\n\t\t<\/div>\n\t\t\t\t\t<\/div>\n\t\t<\/section>\n\t\t\t\t<section class=\"elementor-section elementor-top-section elementor-element elementor-element-128bba8 elementor-section-boxed elementor-section-height-default elementor-section-height-default\" data-id=\"128bba8\" data-element_type=\"section\" data-e-type=\"section\" data-settings=\"{&quot;background_background&quot;:&quot;classic&quot;}\">\n\t\t\t\t\t\t<div class=\"elementor-container elementor-column-gap-no\">\n\t\t\t\t\t<div class=\"elementor-column elementor-col-100 elementor-top-column elementor-element elementor-element-5e72a3a\" data-id=\"5e72a3a\" data-element_type=\"column\" data-e-type=\"column\">\n\t\t\t<div class=\"elementor-widget-wrap elementor-element-populated\">\n\t\t\t\t\t\t<div class=\"elementor-element elementor-element-f9552ef elementor-widget elementor-widget-heading\" data-id=\"f9552ef\" data-element_type=\"widget\" data-e-type=\"widget\" data-widget_type=\"heading.default\">\n\t\t\t\t<div class=\"elementor-widget-container\">\n\t\t\t\t\t<h2 class=\"elementor-heading-title elementor-size-default\">Wsp\u00f3\u0142praca z Fundacj\u0105<\/h2>\t\t\t\t<\/div>\n\t\t\t\t<\/div>\n\t\t\t\t<div class=\"elementor-element elementor-element-048f9a7 elementor-widget elementor-widget-text-editor\" data-id=\"048f9a7\" data-element_type=\"widget\" data-e-type=\"widget\" data-widget_type=\"text-editor.default\">\n\t\t\t\t<div class=\"elementor-widget-container\">\n\t\t\t\t\t\t\t\t\t<p>Od pocz\u0105tku swojego istnienia Fundacja Powszechnego Czytania wsp\u00f3\u0142pracuje z instytucjami i lud\u017ami, kt\u00f3rzy chc\u0105 przyczynia\u0107 si\u0119 do osi\u0105gni\u0119cia tego celu. \u015arodowisko, w kt\u00f3rym prowadzimy rozmowy i wymian\u0119 my\u015bli na temat czytelnictwa obejmuje szerokie grono fundacji, przedstawicieli stowarzysze\u0144 biznesowych, wiele wydawnictw, instytucji centralnych i samorz\u0105dowych.<\/p>\t\t\t\t\t\t\t\t<\/div>\n\t\t\t\t<\/div>\n\t\t\t\t\t<\/div>\n\t\t<\/div>\n\t\t\t\t\t<\/div>\n\t\t<\/section>\n\t\t\t\t<section class=\"elementor-section elementor-top-section elementor-element elementor-element-64d35b1 elementor-section-boxed elementor-section-height-default elementor-section-height-default\" data-id=\"64d35b1\" data-element_type=\"section\" data-e-type=\"section\">\n\t\t\t\t\t\t<div class=\"elementor-container elementor-column-gap-no\">\n\t\t\t\t\t<div class=\"elementor-column elementor-col-50 elementor-top-column elementor-element elementor-element-7587fbf\" data-id=\"7587fbf\" data-element_type=\"column\" data-e-type=\"column\">\n\t\t\t<div class=\"elementor-widget-wrap elementor-element-populated\">\n\t\t\t\t\t\t<div class=\"elementor-element elementor-element-e788b1e elementor-widget__width-initial elementor-widget elementor-widget-heading\" data-id=\"e788b1e\" data-element_type=\"widget\" data-e-type=\"widget\" data-widget_type=\"heading.default\">\n\t\t\t\t<div class=\"elementor-widget-container\">\n\t\t\t\t\t<h2 class=\"elementor-heading-title elementor-size-default\">Cele Fundacji<\/h2>\t\t\t\t<\/div>\n\t\t\t\t<\/div>\n\t\t\t\t<div class=\"elementor-element elementor-element-06e25d2 elementor-widget__width-initial elementor-widget elementor-widget-text-editor\" data-id=\"06e25d2\" data-element_type=\"widget\" data-e-type=\"widget\" data-widget_type=\"text-editor.default\">\n\t\t\t\t<div class=\"elementor-widget-container\">\n\t\t\t\t\t\t\t\t\t<p>D\u0105\u017cymy do wprowadzenia czytelnictwa na list\u0119 priorytet\u00f3w decydent\u00f3w wysokiego szczebla. Poprosili\u015bmy o rozmow\u0119 i wsparcie dla tematu Ma\u0142\u017conk\u0119 Prezydenta RP, udzielili\u015bmy konsultacji w zakresie budowania czytelnictwa do strategii dla edukacji przygotowanej przez Strategie Polska 2050, opracowali\u015bmy materia\u0142y merytoryczne dla samorz\u0105dowc\u00f3w Unii Metropolii Polskich.<\/p><p>Dzielimy si\u0119 wiedz\u0105 eksperck\u0105, pomagamy wypracowywa\u0107 strategie, udost\u0119pniamy materia\u0142y instrukta\u017cowe, zapraszamy do wsp\u00f3\u0142pracy!<\/p>\t\t\t\t\t\t\t\t<\/div>\n\t\t\t\t<\/div>\n\t\t\t\t\t<\/div>\n\t\t<\/div>\n\t\t\t\t<div class=\"elementor-column elementor-col-50 elementor-top-column elementor-element elementor-element-c2c60c4\" data-id=\"c2c60c4\" data-element_type=\"column\" data-e-type=\"column\">\n\t\t\t<div class=\"elementor-widget-wrap elementor-element-populated\">\n\t\t\t\t\t\t<div class=\"elementor-element elementor-element-38926ff elementor-invisible elementor-widget elementor-widget-image\" data-id=\"38926ff\" data-element_type=\"widget\" data-e-type=\"widget\" data-settings=\"{&quot;_animation&quot;:&quot;fadeIn&quot;,&quot;_animation_delay&quot;:500,&quot;_animation_tablet&quot;:&quot;none&quot;}\" data-widget_type=\"image.default\">\n\t\t\t\t<div class=\"elementor-widget-container\">\n\t\t\t\t\t\t\t\t\t<div class=\"elementor-image\">\n\t\t\t\t\t\t\t\t\t\t\t\t\t\t\t\t\t\t\t\t\t<img decoding=\"async\" width=\"2560\" height=\"1707\" src=\"https:\/\/www.fpc.org.pl\/wp-content\/uploads\/2024\/07\/AdobeStock_367837331-scaled.jpeg\" class=\"attachment-full size-full wp-image-988069\" alt=\"\" srcset=\"https:\/\/www.fpc.org.pl\/wp-content\/uploads\/2024\/07\/AdobeStock_367837331-scaled.jpeg 2560w, https:\/\/www.fpc.org.pl\/wp-content\/uploads\/2024\/07\/AdobeStock_367837331-scaled-630x420.jpeg 630w, https:\/\/www.fpc.org.pl\/wp-content\/uploads\/2024\/07\/AdobeStock_367837331-300x200.jpeg 300w, https:\/\/www.fpc.org.pl\/wp-content\/uploads\/2024\/07\/AdobeStock_367837331-1024x683.jpeg 1024w, https:\/\/www.fpc.org.pl\/wp-content\/uploads\/2024\/07\/AdobeStock_367837331-768x512.jpeg 768w, https:\/\/www.fpc.org.pl\/wp-content\/uploads\/2024\/07\/AdobeStock_367837331-1536x1024.jpeg 1536w, https:\/\/www.fpc.org.pl\/wp-content\/uploads\/2024\/07\/AdobeStock_367837331-2048x1365.jpeg 2048w, https:\/\/www.fpc.org.pl\/wp-content\/uploads\/2024\/07\/AdobeStock_367837331-1260x840.jpeg 1260w\" sizes=\"(max-width: 2560px) 100vw, 2560px\" \/>\t\t\t\t\t\t\t\t\t\t\t\t\t\t\t\t\t\t\t\t\t\t\t\t<\/div>\n\t\t\t\t\t\t\t\t<\/div>\n\t\t\t\t<\/div>\n\t\t\t\t\t<\/div>\n\t\t<\/div>\n\t\t\t\t\t<\/div>\n\t\t<\/section>\n\t\t<div class=\"elementor-element elementor-element-01788a7 e-flex e-con-boxed e-con e-parent\" data-id=\"01788a7\" data-element_type=\"container\" data-e-type=\"container\">\n\t\t\t\t\t<div class=\"e-con-inner\">\n\t\t\t\t<div class=\"elementor-element elementor-element-888989a elementor-widget elementor-widget-heading\" data-id=\"888989a\" data-element_type=\"widget\" data-e-type=\"widget\" data-widget_type=\"heading.default\">\n\t\t\t\t<div class=\"elementor-widget-container\">\n\t\t\t\t\t<h2 class=\"elementor-heading-title elementor-size-default\">Cz\u0142onkostwo w EURead<\/h2>\t\t\t\t<\/div>\n\t\t\t\t<\/div>\n\t\t\t\t\t<\/div>\n\t\t\t\t<\/div>\n\t\t\t\t<section class=\"elementor-section elementor-top-section elementor-element elementor-element-734ca42 elementor-reverse-mobile elementor-section-boxed elementor-section-height-default elementor-section-height-default\" data-id=\"734ca42\" data-element_type=\"section\" data-e-type=\"section\">\n\t\t\t\t\t\t<div class=\"elementor-container elementor-column-gap-no\">\n\t\t\t\t\t<div class=\"elementor-column elementor-col-50 elementor-top-column elementor-element elementor-element-b164414\" data-id=\"b164414\" data-element_type=\"column\" data-e-type=\"column\">\n\t\t\t<div class=\"elementor-widget-wrap elementor-element-populated\">\n\t\t\t\t\t\t<div class=\"elementor-element elementor-element-90ff6e1 elementor-widget elementor-widget-image\" data-id=\"90ff6e1\" data-element_type=\"widget\" data-e-type=\"widget\" data-widget_type=\"image.default\">\n\t\t\t\t<div class=\"elementor-widget-container\">\n\t\t\t\t\t\t\t\t\t<div class=\"elementor-image\">\n\t\t\t\t\t\t\t\t\t\t\t\t\t\t\t\t\t\t\t\t\t<img loading=\"lazy\" decoding=\"async\" width=\"1024\" height=\"576\" src=\"https:\/\/www.fpc.org.pl\/wp-content\/uploads\/2024\/07\/euread_11.06-1-1024x576.jpg\" class=\"attachment-large size-large wp-image-988072\" alt=\"\" srcset=\"https:\/\/www.fpc.org.pl\/wp-content\/uploads\/2024\/07\/euread_11.06-1-1024x576.jpg 1024w, https:\/\/www.fpc.org.pl\/wp-content\/uploads\/2024\/07\/euread_11.06-1-630x354.jpg 630w, https:\/\/www.fpc.org.pl\/wp-content\/uploads\/2024\/07\/euread_11.06-1-300x169.jpg 300w, https:\/\/www.fpc.org.pl\/wp-content\/uploads\/2024\/07\/euread_11.06-1-768x432.jpg 768w, https:\/\/www.fpc.org.pl\/wp-content\/uploads\/2024\/07\/euread_11.06-1-1536x864.jpg 1536w, https:\/\/www.fpc.org.pl\/wp-content\/uploads\/2024\/07\/euread_11.06-1-1260x709.jpg 1260w, https:\/\/www.fpc.org.pl\/wp-content\/uploads\/2024\/07\/euread_11.06-1.jpg 1920w\" sizes=\"(max-width: 1024px) 100vw, 1024px\" \/>\t\t\t\t\t\t\t\t\t\t\t\t\t\t\t\t\t\t\t\t\t\t\t\t<\/div>\n\t\t\t\t\t\t\t\t<\/div>\n\t\t\t\t<\/div>\n\t\t\t\t\t<\/div>\n\t\t<\/div>\n\t\t\t\t<div class=\"elementor-column elementor-col-50 elementor-top-column elementor-element elementor-element-2768d9f\" data-id=\"2768d9f\" data-element_type=\"column\" data-e-type=\"column\">\n\t\t\t<div class=\"elementor-widget-wrap elementor-element-populated\">\n\t\t\t\t\t\t<div class=\"elementor-element elementor-element-355c4ac elementor-widget__width-initial elementor-widget-mobile__width-initial elementor-widget-tablet__width-initial elementor-widget elementor-widget-text-editor\" data-id=\"355c4ac\" data-element_type=\"widget\" data-e-type=\"widget\" data-widget_type=\"text-editor.default\">\n\t\t\t\t<div class=\"elementor-widget-container\">\n\t\t\t\t\t\t\t\t\t<p>O\u015bwiadczenie EURead w sprawie czytelnictwa i umiej\u0119tno\u015bci czytania, kt\u00f3re podpisali\u015bmy jako jedna z 34 cz\u0142onkowskich organizacji pa\u0144stwowych.<\/p>\t\t\t\t\t\t\t\t<\/div>\n\t\t\t\t<\/div>\n\t\t\t\t<div class=\"elementor-element elementor-element-aba697c elementor-widget elementor-widget-button\" data-id=\"aba697c\" data-element_type=\"widget\" data-e-type=\"widget\" data-widget_type=\"button.default\">\n\t\t\t\t<div class=\"elementor-widget-container\">\n\t\t\t\t\t\t\t\t\t<div class=\"elementor-button-wrapper\">\n\t\t\t\t\t<a class=\"elementor-button elementor-button-link elementor-size-sm\" href=\"https:\/\/fpc.org.pl\/wp-content\/uploads\/2024\/06\/Poland_EURead-Statement.pdf\" target=\"_blank\" rel=\"noopener\">\n\t\t\t\t\t\t<span class=\"elementor-button-content-wrapper\">\n\t\t\t\t\t\t\t\t\t<span class=\"elementor-button-text\">O\u015bwiadczenie<\/span>\n\t\t\t\t\t<\/span>\n\t\t\t\t\t<\/a>\n\t\t\t\t<\/div>\n\t\t\t\t\t\t\t\t<\/div>\n\t\t\t\t<\/div>\n\t\t\t\t\t<\/div>\n\t\t<\/div>\n\t\t\t\t\t<\/div>\n\t\t<\/section>\n\t\t<div class=\"elementor-element elementor-element-20a23b5 e-flex e-con-boxed e-con e-parent\" data-id=\"20a23b5\" data-element_type=\"container\" data-e-type=\"container\">\n\t\t\t\t\t<div class=\"e-con-inner\">\n\t\t\t\t<div class=\"elementor-element elementor-element-3066c28 elementor-widget elementor-widget-heading\" data-id=\"3066c28\" data-element_type=\"widget\" data-e-type=\"widget\" data-widget_type=\"heading.default\">\n\t\t\t\t<div class=\"elementor-widget-container\">\n\t\t\t\t\t<h2 class=\"elementor-heading-title elementor-size-default\">Razem mo\u017cemy wi\u0119cej <\/h2>\t\t\t\t<\/div>\n\t\t\t\t<\/div>\n\t\t\t\t<div class=\"elementor-element elementor-element-3372e64 elementor-widget elementor-widget-text-editor\" data-id=\"3372e64\" data-element_type=\"widget\" data-e-type=\"widget\" data-widget_type=\"text-editor.default\">\n\t\t\t\t<div class=\"elementor-widget-container\">\n\t\t\t\t\t\t\t\t\t<p>Oto ludzie, z kt\u00f3rymi wsp\u00f3\u0142pracujemy dla rozwoju czytelnictwa.<\/p>\t\t\t\t\t\t\t\t<\/div>\n\t\t\t\t<\/div>\n\t\t\t\t\t<\/div>\n\t\t\t\t<\/div>\n\t\t<div class=\"elementor-element elementor-element-45349ee e-flex e-con-boxed e-con e-parent\" data-id=\"45349ee\" data-element_type=\"container\" data-e-type=\"container\">\n\t\t\t\t\t<div class=\"e-con-inner\">\n\t\t<div class=\"elementor-element elementor-element-728f29a e-con-full e-flex e-con e-child\" data-id=\"728f29a\" data-element_type=\"container\" data-e-type=\"container\">\n\t\t\t\t<div class=\"elementor-element elementor-element-ad2ad69 elementor-widget elementor-widget-video\" data-id=\"ad2ad69\" data-element_type=\"widget\" data-e-type=\"widget\" data-settings=\"{&quot;youtube_url&quot;:&quot;https:\\\/\\\/youtu.be\\\/12LFZssfkb0&quot;,&quot;video_type&quot;:&quot;youtube&quot;,&quot;controls&quot;:&quot;yes&quot;}\" data-widget_type=\"video.default\">\n\t\t\t\t<div class=\"elementor-widget-container\">\n\t\t\t\t\t\t\t<div class=\"elementor-wrapper elementor-open-inline\">\n\t\t\t<div class=\"elementor-video\"><\/div>\t\t<\/div>\n\t\t\t\t\t\t<\/div>\n\t\t\t\t<\/div>\n\t\t\t\t<\/div>\n\t\t<div class=\"elementor-element elementor-element-a0f6cf9 e-con-full e-flex e-con e-child\" data-id=\"a0f6cf9\" data-element_type=\"container\" data-e-type=\"container\">\n\t\t\t\t<div class=\"elementor-element elementor-element-e561504 elementor-widget elementor-widget-video\" data-id=\"e561504\" data-element_type=\"widget\" data-e-type=\"widget\" data-settings=\"{&quot;youtube_url&quot;:&quot;https:\\\/\\\/youtu.be\\\/MJNOal7SwHI&quot;,&quot;video_type&quot;:&quot;youtube&quot;,&quot;controls&quot;:&quot;yes&quot;}\" data-widget_type=\"video.default\">\n\t\t\t\t<div class=\"elementor-widget-container\">\n\t\t\t\t\t\t\t<div class=\"elementor-wrapper elementor-open-inline\">\n\t\t\t<div class=\"elementor-video\"><\/div>\t\t<\/div>\n\t\t\t\t\t\t<\/div>\n\t\t\t\t<\/div>\n\t\t\t\t<\/div>\n\t\t<div class=\"elementor-element elementor-element-e2c8d9a e-con-full e-flex e-con e-child\" data-id=\"e2c8d9a\" data-element_type=\"container\" data-e-type=\"container\">\n\t\t\t\t<div class=\"elementor-element elementor-element-3fd9b47 elementor-widget elementor-widget-video\" data-id=\"3fd9b47\" data-element_type=\"widget\" data-e-type=\"widget\" data-settings=\"{&quot;youtube_url&quot;:&quot;https:\\\/\\\/youtu.be\\\/GXiP5VGTNKc&quot;,&quot;video_type&quot;:&quot;youtube&quot;,&quot;controls&quot;:&quot;yes&quot;}\" data-widget_type=\"video.default\">\n\t\t\t\t<div class=\"elementor-widget-container\">\n\t\t\t\t\t\t\t<div class=\"elementor-wrapper elementor-open-inline\">\n\t\t\t<div class=\"elementor-video\"><\/div>\t\t<\/div>\n\t\t\t\t\t\t<\/div>\n\t\t\t\t<\/div>\n\t\t\t\t<\/div>\n\t\t\t\t\t<\/div>\n\t\t\t\t<\/div>\n\t\t<div class=\"elementor-element elementor-element-29480f6 e-flex e-con-boxed e-con e-parent\" data-id=\"29480f6\" data-element_type=\"container\" data-e-type=\"container\">\n\t\t\t\t\t<div class=\"e-con-inner\">\n\t\t<div class=\"elementor-element elementor-element-59ede47 e-con-full e-flex e-con e-child\" data-id=\"59ede47\" data-element_type=\"container\" data-e-type=\"container\">\n\t\t\t\t<div class=\"elementor-element elementor-element-d63f165 elementor-widget elementor-widget-heading\" data-id=\"d63f165\" data-element_type=\"widget\" data-e-type=\"widget\" data-widget_type=\"heading.default\">\n\t\t\t\t<div class=\"elementor-widget-container\">\n\t\t\t\t\t<h2 class=\"elementor-heading-title elementor-size-default\">Fiona Evans<\/h2>\t\t\t\t<\/div>\n\t\t\t\t<\/div>\n\t\t\t\t<div class=\"elementor-element elementor-element-2acf4d5 elementor-widget elementor-widget-text-editor\" data-id=\"2acf4d5\" data-element_type=\"widget\" data-e-type=\"widget\" data-widget_type=\"text-editor.default\">\n\t\t\t\t<div class=\"elementor-widget-container\">\n\t\t\t\t\t\t\t\t\t<p>National Literacy Trust<\/p>\t\t\t\t\t\t\t\t<\/div>\n\t\t\t\t<\/div>\n\t\t\t\t<div class=\"elementor-element elementor-element-b25ad98 elementor-widget__width-initial elementor-widget elementor-widget-text-editor\" data-id=\"b25ad98\" data-element_type=\"widget\" data-e-type=\"widget\" data-widget_type=\"text-editor.default\">\n\t\t\t\t<div class=\"elementor-widget-container\">\n\t\t\t\t\t\t\t\t\t<p>Wychowywanie m\u0142odych czytelnik\u00f3w musi opiera\u0107 si\u0119 na trzech filarach &#8211; wymaga wsparia pa\u0144stwa i rz\u0105du, dobrego systemu edukacji oraz dzia\u0142a\u0144 fundacji i organizacji charytatywnych.<\/p>\t\t\t\t\t\t\t\t<\/div>\n\t\t\t\t<\/div>\n\t\t\t\t<\/div>\n\t\t<div class=\"elementor-element elementor-element-67ffc25 e-con-full e-flex e-con e-child\" data-id=\"67ffc25\" data-element_type=\"container\" data-e-type=\"container\">\n\t\t\t\t<div class=\"elementor-element elementor-element-34659e5 elementor-widget elementor-widget-heading\" data-id=\"34659e5\" data-element_type=\"widget\" data-e-type=\"widget\" data-widget_type=\"heading.default\">\n\t\t\t\t<div class=\"elementor-widget-container\">\n\t\t\t\t\t<h2 class=\"elementor-heading-title elementor-size-default\">Adam Ringer<\/h2>\t\t\t\t<\/div>\n\t\t\t\t<\/div>\n\t\t\t\t<div class=\"elementor-element elementor-element-edf6057 elementor-widget elementor-widget-text-editor\" data-id=\"edf6057\" data-element_type=\"widget\" data-e-type=\"widget\" data-widget_type=\"text-editor.default\">\n\t\t\t\t<div class=\"elementor-widget-container\">\n\t\t\t\t\t\t\t\t\t<p>Prezes Green Caff\u00e8 Nero<\/p>\t\t\t\t\t\t\t\t<\/div>\n\t\t\t\t<\/div>\n\t\t\t\t<div class=\"elementor-element elementor-element-5c57210 elementor-widget elementor-widget-text-editor\" data-id=\"5c57210\" data-element_type=\"widget\" data-e-type=\"widget\" data-widget_type=\"text-editor.default\">\n\t\t\t\t<div class=\"elementor-widget-container\">\n\t\t\t\t\t\t\t\t\t<p>O piciu kawy i czytaniu ksi\u0105\u017cek.<\/p>\t\t\t\t\t\t\t\t<\/div>\n\t\t\t\t<\/div>\n\t\t\t\t<\/div>\n\t\t<div class=\"elementor-element elementor-element-454b64b e-con-full e-flex e-con e-child\" data-id=\"454b64b\" data-element_type=\"container\" data-e-type=\"container\">\n\t\t\t\t<div class=\"elementor-element elementor-element-03e6d8c elementor-widget elementor-widget-heading\" data-id=\"03e6d8c\" data-element_type=\"widget\" data-e-type=\"widget\" data-widget_type=\"heading.default\">\n\t\t\t\t<div class=\"elementor-widget-container\">\n\t\t\t\t\t<h2 class=\"elementor-heading-title elementor-size-default\">Tomasz Makowski\n<\/h2>\t\t\t\t<\/div>\n\t\t\t\t<\/div>\n\t\t\t\t<div class=\"elementor-element elementor-element-67ed9e4 elementor-widget elementor-widget-text-editor\" data-id=\"67ed9e4\" data-element_type=\"widget\" data-e-type=\"widget\" data-widget_type=\"text-editor.default\">\n\t\t\t\t<div class=\"elementor-widget-container\">\n\t\t\t\t\t\t\t\t\t<p>dyrektor Biblioteki Narodowej<\/p>\t\t\t\t\t\t\t\t<\/div>\n\t\t\t\t<\/div>\n\t\t\t\t<div class=\"elementor-element elementor-element-d8acc57 elementor-widget elementor-widget-text-editor\" data-id=\"d8acc57\" data-element_type=\"widget\" data-e-type=\"widget\" data-widget_type=\"text-editor.default\">\n\t\t\t\t<div class=\"elementor-widget-container\">\n\t\t\t\t\t\t\t\t\t<p>Czytanie ksi\u0105\u017cek zmienia \u015bwiat i zmienia nas samych.<\/p>\t\t\t\t\t\t\t\t<\/div>\n\t\t\t\t<\/div>\n\t\t\t\t<\/div>\n\t\t\t\t\t<\/div>\n\t\t\t\t<\/div>\n\t\t<div class=\"elementor-element elementor-element-76dcd19 e-flex e-con-boxed e-con e-parent\" data-id=\"76dcd19\" data-element_type=\"container\" data-e-type=\"container\">\n\t\t\t\t\t<div class=\"e-con-inner\">\n\t\t<div class=\"elementor-element elementor-element-03b97f7 e-con-full e-flex e-con e-child\" data-id=\"03b97f7\" data-element_type=\"container\" data-e-type=\"container\">\n\t\t\t\t<div class=\"elementor-element elementor-element-be9e399 elementor-widget elementor-widget-video\" data-id=\"be9e399\" data-element_type=\"widget\" data-e-type=\"widget\" data-settings=\"{&quot;youtube_url&quot;:&quot;https:\\\/\\\/youtu.be\\\/Dy5yNytrbew&quot;,&quot;video_type&quot;:&quot;youtube&quot;,&quot;controls&quot;:&quot;yes&quot;}\" data-widget_type=\"video.default\">\n\t\t\t\t<div class=\"elementor-widget-container\">\n\t\t\t\t\t\t\t<div class=\"elementor-wrapper elementor-open-inline\">\n\t\t\t<div class=\"elementor-video\"><\/div>\t\t<\/div>\n\t\t\t\t\t\t<\/div>\n\t\t\t\t<\/div>\n\t\t\t\t<\/div>\n\t\t<div class=\"elementor-element elementor-element-ed1f8ea e-con-full e-flex e-con e-child\" data-id=\"ed1f8ea\" data-element_type=\"container\" data-e-type=\"container\">\n\t\t\t\t<div class=\"elementor-element elementor-element-c7f5a72 elementor-widget elementor-widget-video\" data-id=\"c7f5a72\" data-element_type=\"widget\" data-e-type=\"widget\" data-settings=\"{&quot;youtube_url&quot;:&quot;https:\\\/\\\/youtu.be\\\/nmfAFDnSXd8&quot;,&quot;video_type&quot;:&quot;youtube&quot;,&quot;controls&quot;:&quot;yes&quot;}\" data-widget_type=\"video.default\">\n\t\t\t\t<div class=\"elementor-widget-container\">\n\t\t\t\t\t\t\t<div class=\"elementor-wrapper elementor-open-inline\">\n\t\t\t<div class=\"elementor-video\"><\/div>\t\t<\/div>\n\t\t\t\t\t\t<\/div>\n\t\t\t\t<\/div>\n\t\t\t\t<\/div>\n\t\t<div class=\"elementor-element elementor-element-3f95942 e-con-full e-flex e-con e-child\" data-id=\"3f95942\" data-element_type=\"container\" data-e-type=\"container\">\n\t\t\t\t<div class=\"elementor-element elementor-element-1fafa3c elementor-widget elementor-widget-video\" data-id=\"1fafa3c\" data-element_type=\"widget\" data-e-type=\"widget\" data-settings=\"{&quot;youtube_url&quot;:&quot;https:\\\/\\\/youtu.be\\\/ZH3y1i_NOJI&quot;,&quot;video_type&quot;:&quot;youtube&quot;,&quot;controls&quot;:&quot;yes&quot;}\" data-widget_type=\"video.default\">\n\t\t\t\t<div class=\"elementor-widget-container\">\n\t\t\t\t\t\t\t<div class=\"elementor-wrapper elementor-open-inline\">\n\t\t\t<div class=\"elementor-video\"><\/div>\t\t<\/div>\n\t\t\t\t\t\t<\/div>\n\t\t\t\t<\/div>\n\t\t\t\t<\/div>\n\t\t\t\t\t<\/div>\n\t\t\t\t<\/div>\n\t\t<div class=\"elementor-element elementor-element-903771d e-flex e-con-boxed e-con e-parent\" data-id=\"903771d\" data-element_type=\"container\" data-e-type=\"container\">\n\t\t\t\t\t<div class=\"e-con-inner\">\n\t\t<div class=\"elementor-element elementor-element-d332244 e-con-full e-flex e-con e-child\" data-id=\"d332244\" data-element_type=\"container\" data-e-type=\"container\">\n\t\t\t\t<div class=\"elementor-element elementor-element-1cf630b elementor-widget elementor-widget-heading\" data-id=\"1cf630b\" data-element_type=\"widget\" data-e-type=\"widget\" data-widget_type=\"heading.default\">\n\t\t\t\t<div class=\"elementor-widget-container\">\n\t\t\t\t\t<h2 class=\"elementor-heading-title elementor-size-default\">Oleksandr Tkaczenko\n<\/h2>\t\t\t\t<\/div>\n\t\t\t\t<\/div>\n\t\t\t\t<div class=\"elementor-element elementor-element-298c99c elementor-widget__width-initial elementor-widget elementor-widget-text-editor\" data-id=\"298c99c\" data-element_type=\"widget\" data-e-type=\"widget\" data-widget_type=\"text-editor.default\">\n\t\t\t\t<div class=\"elementor-widget-container\">\n\t\t\t\t\t\t\t\t\t<p>Ministerstwo Kultury i Polityki Informacyjnej Ukrainy<\/p>\t\t\t\t\t\t\t\t<\/div>\n\t\t\t\t<\/div>\n\t\t\t\t<div class=\"elementor-element elementor-element-e6be7fa elementor-widget__width-initial elementor-widget elementor-widget-text-editor\" data-id=\"e6be7fa\" data-element_type=\"widget\" data-e-type=\"widget\" data-widget_type=\"text-editor.default\">\n\t\t\t\t<div class=\"elementor-widget-container\">\n\t\t\t\t\t\t\t\t\t<p>W obliczu trwaj\u0105cej wojny na Ukrainie nie mo\u017cna zapomina\u0107 o roli czytelnictwa &#8211; jako fundamentu rozwoju spo\u0142ecze\u0144stwa.<\/p>\t\t\t\t\t\t\t\t<\/div>\n\t\t\t\t<\/div>\n\t\t\t\t<\/div>\n\t\t<div class=\"elementor-element elementor-element-f6acda7 e-con-full e-flex e-con e-child\" data-id=\"f6acda7\" data-element_type=\"container\" data-e-type=\"container\">\n\t\t\t\t<div class=\"elementor-element elementor-element-a39fd96 elementor-widget elementor-widget-heading\" data-id=\"a39fd96\" data-element_type=\"widget\" data-e-type=\"widget\" data-widget_type=\"heading.default\">\n\t\t\t\t<div class=\"elementor-widget-container\">\n\t\t\t\t\t<h2 class=\"elementor-heading-title elementor-size-default\">Tessa Capponi-Borawska\n<\/h2>\t\t\t\t<\/div>\n\t\t\t\t<\/div>\n\t\t\t\t<div class=\"elementor-element elementor-element-248b94e elementor-widget elementor-widget-text-editor\" data-id=\"248b94e\" data-element_type=\"widget\" data-e-type=\"widget\" data-widget_type=\"text-editor.default\">\n\t\t\t\t<div class=\"elementor-widget-container\">\n\t\t\t\t\t\t\t\t\t<p>Cz\u0142onkini Rady Powierniczej FPC<\/p>\t\t\t\t\t\t\t\t<\/div>\n\t\t\t\t<\/div>\n\t\t\t\t<div class=\"elementor-element elementor-element-c3f1b48 elementor-widget__width-initial elementor-widget elementor-widget-text-editor\" data-id=\"c3f1b48\" data-element_type=\"widget\" data-e-type=\"widget\" data-widget_type=\"text-editor.default\">\n\t\t\t\t<div class=\"elementor-widget-container\">\n\t\t\t\t\t\t\t\t\t<p>Jak czytanie wp\u0142ywa na rozw\u00f3j dzieci? Jakie znaczenie ma czytaj\u0105cy wzorzec?<\/p>\t\t\t\t\t\t\t\t<\/div>\n\t\t\t\t<\/div>\n\t\t\t\t<\/div>\n\t\t<div class=\"elementor-element elementor-element-55f39b6 e-con-full e-flex e-con e-child\" data-id=\"55f39b6\" data-element_type=\"container\" data-e-type=\"container\">\n\t\t\t\t<div class=\"elementor-element elementor-element-48ab1bb elementor-widget elementor-widget-heading\" data-id=\"48ab1bb\" data-element_type=\"widget\" data-e-type=\"widget\" data-widget_type=\"heading.default\">\n\t\t\t\t<div class=\"elementor-widget-container\">\n\t\t\t\t\t<h2 class=\"elementor-heading-title elementor-size-default\">Sonia Draga\n<\/h2>\t\t\t\t<\/div>\n\t\t\t\t<\/div>\n\t\t\t\t<div class=\"elementor-element elementor-element-b3d4c35 elementor-widget elementor-widget-text-editor\" data-id=\"b3d4c35\" data-element_type=\"widget\" data-e-type=\"widget\" data-widget_type=\"text-editor.default\">\n\t\t\t\t<div class=\"elementor-widget-container\">\n\t\t\t\t\t\t\t\t\t<p>Polska Izba Ksi\u0105\u017cki, Wydawnictwo Sonia Draga<\/p>\t\t\t\t\t\t\t\t<\/div>\n\t\t\t\t<\/div>\n\t\t\t\t<div class=\"elementor-element elementor-element-25dd13b elementor-widget elementor-widget-text-editor\" data-id=\"25dd13b\" data-element_type=\"widget\" data-e-type=\"widget\" data-widget_type=\"text-editor.default\">\n\t\t\t\t<div class=\"elementor-widget-container\">\n\t\t\t\t\t\t\t\t\t<p>Polscy wydawcy wspieraj\u0105 ukrai\u0144sk\u0105 bran\u017c\u0119 wydawnicz\u0105 i czytelnik\u00f3w.<\/p>\t\t\t\t\t\t\t\t<\/div>\n\t\t\t\t<\/div>\n\t\t\t\t<\/div>\n\t\t\t\t\t<\/div>\n\t\t\t\t<\/div>\n\t\t<div class=\"elementor-element elementor-element-a5f8267 e-flex e-con-boxed e-con e-parent\" data-id=\"a5f8267\" data-element_type=\"container\" data-e-type=\"container\">\n\t\t\t\t\t<div class=\"e-con-inner\">\n\t\t<div class=\"elementor-element elementor-element-bedd2a2 e-con-full e-flex e-con e-child\" data-id=\"bedd2a2\" data-element_type=\"container\" data-e-type=\"container\">\n\t\t\t\t<div class=\"elementor-element elementor-element-8cf6332 elementor-widget elementor-widget-video\" data-id=\"8cf6332\" data-element_type=\"widget\" data-e-type=\"widget\" data-settings=\"{&quot;youtube_url&quot;:&quot;https:\\\/\\\/youtu.be\\\/Y-EYL4AVm6w&quot;,&quot;video_type&quot;:&quot;youtube&quot;,&quot;controls&quot;:&quot;yes&quot;}\" data-widget_type=\"video.default\">\n\t\t\t\t<div class=\"elementor-widget-container\">\n\t\t\t\t\t\t\t<div class=\"elementor-wrapper elementor-open-inline\">\n\t\t\t<div class=\"elementor-video\"><\/div>\t\t<\/div>\n\t\t\t\t\t\t<\/div>\n\t\t\t\t<\/div>\n\t\t\t\t<\/div>\n\t\t<div class=\"elementor-element elementor-element-3e1e5e1 e-con-full e-flex e-con e-child\" data-id=\"3e1e5e1\" data-element_type=\"container\" data-e-type=\"container\">\n\t\t\t\t<div class=\"elementor-element elementor-element-8a88807 elementor-widget elementor-widget-video\" data-id=\"8a88807\" data-element_type=\"widget\" data-e-type=\"widget\" data-settings=\"{&quot;youtube_url&quot;:&quot;https:\\\/\\\/youtu.be\\\/J3w1X1eoUOM&quot;,&quot;video_type&quot;:&quot;youtube&quot;,&quot;controls&quot;:&quot;yes&quot;}\" data-widget_type=\"video.default\">\n\t\t\t\t<div class=\"elementor-widget-container\">\n\t\t\t\t\t\t\t<div class=\"elementor-wrapper elementor-open-inline\">\n\t\t\t<div class=\"elementor-video\"><\/div>\t\t<\/div>\n\t\t\t\t\t\t<\/div>\n\t\t\t\t<\/div>\n\t\t\t\t<\/div>\n\t\t<div class=\"elementor-element elementor-element-9753be4 e-con-full e-flex e-con e-child\" data-id=\"9753be4\" data-element_type=\"container\" data-e-type=\"container\">\n\t\t\t\t<div class=\"elementor-element elementor-element-5bf9368 elementor-widget elementor-widget-video\" data-id=\"5bf9368\" data-element_type=\"widget\" data-e-type=\"widget\" data-settings=\"{&quot;youtube_url&quot;:&quot;https:\\\/\\\/youtu.be\\\/uwpsE85HxEs&quot;,&quot;video_type&quot;:&quot;youtube&quot;,&quot;controls&quot;:&quot;yes&quot;}\" data-widget_type=\"video.default\">\n\t\t\t\t<div class=\"elementor-widget-container\">\n\t\t\t\t\t\t\t<div class=\"elementor-wrapper elementor-open-inline\">\n\t\t\t<div class=\"elementor-video\"><\/div>\t\t<\/div>\n\t\t\t\t\t\t<\/div>\n\t\t\t\t<\/div>\n\t\t\t\t<\/div>\n\t\t\t\t\t<\/div>\n\t\t\t\t<\/div>\n\t\t<div class=\"elementor-element elementor-element-1b537c1 e-flex e-con-boxed e-con e-parent\" data-id=\"1b537c1\" data-element_type=\"container\" data-e-type=\"container\">\n\t\t\t\t\t<div class=\"e-con-inner\">\n\t\t<div class=\"elementor-element elementor-element-fc6d6dd e-con-full e-flex e-con e-child\" data-id=\"fc6d6dd\" data-element_type=\"container\" data-e-type=\"container\">\n\t\t\t\t<div class=\"elementor-element elementor-element-a687c08 elementor-widget elementor-widget-heading\" data-id=\"a687c08\" data-element_type=\"widget\" data-e-type=\"widget\" data-widget_type=\"heading.default\">\n\t\t\t\t<div class=\"elementor-widget-container\">\n\t\t\t\t\t<h2 class=\"elementor-heading-title elementor-size-default\">Anita Szymborska\n<\/h2>\t\t\t\t<\/div>\n\t\t\t\t<\/div>\n\t\t\t\t<div class=\"elementor-element elementor-element-19744e8 elementor-widget__width-initial elementor-widget elementor-widget-text-editor\" data-id=\"19744e8\" data-element_type=\"widget\" data-e-type=\"widget\" data-widget_type=\"text-editor.default\">\n\t\t\t\t<div class=\"elementor-widget-container\">\n\t\t\t\t\t\t\t\t\t<p>Klub Inteligencji Katolickiej<\/p>\t\t\t\t\t\t\t\t<\/div>\n\t\t\t\t<\/div>\n\t\t\t\t<div class=\"elementor-element elementor-element-e7494ab elementor-widget__width-initial elementor-widget elementor-widget-text-editor\" data-id=\"e7494ab\" data-element_type=\"widget\" data-e-type=\"widget\" data-widget_type=\"text-editor.default\">\n\t\t\t\t<div class=\"elementor-widget-container\">\n\t\t\t\t\t\t\t\t\t<p>Klub Inteligencji Katolickiej wspiera dzieci i m\u0142odzie\u017c uchod\u017acz\u0105 oraz czytelnik\u00f3w w Ukrainie. Rola ksi\u0105\u017cek i dost\u0119p do nich s\u0105 niezwykle wa\u017cne.<\/p>\t\t\t\t\t\t\t\t<\/div>\n\t\t\t\t<\/div>\n\t\t\t\t<\/div>\n\t\t<div class=\"elementor-element elementor-element-1ecbc3c e-con-full e-flex e-con e-child\" data-id=\"1ecbc3c\" data-element_type=\"container\" data-e-type=\"container\">\n\t\t\t\t<div class=\"elementor-element elementor-element-199b83c elementor-widget elementor-widget-heading\" data-id=\"199b83c\" data-element_type=\"widget\" data-e-type=\"widget\" data-widget_type=\"heading.default\">\n\t\t\t\t<div class=\"elementor-widget-container\">\n\t\t\t\t\t<h2 class=\"elementor-heading-title elementor-size-default\">Agnieszka Nowak-G\u0105sienica\n<\/h2>\t\t\t\t<\/div>\n\t\t\t\t<\/div>\n\t\t\t\t<div class=\"elementor-element elementor-element-4cde169 elementor-widget elementor-widget-text-editor\" data-id=\"4cde169\" data-element_type=\"widget\" data-e-type=\"widget\" data-widget_type=\"text-editor.default\">\n\t\t\t\t<div class=\"elementor-widget-container\">\n\t\t\t\t\t\t\t\t\t<p>Wiceburmistrzyni Zakopanego<\/p>\t\t\t\t\t\t\t\t<\/div>\n\t\t\t\t<\/div>\n\t\t\t\t<div class=\"elementor-element elementor-element-b0e227c elementor-widget__width-initial elementor-widget elementor-widget-text-editor\" data-id=\"b0e227c\" data-element_type=\"widget\" data-e-type=\"widget\" data-widget_type=\"text-editor.default\">\n\t\t\t\t<div class=\"elementor-widget-container\">\n\t\t\t\t\t\t\t\t\t<p>Literatura jest bardzo wa\u017cna w pracy samorz\u0105dowc\u00f3w. Lokalne w\u0142adze maj\u0105 ogromne znaczenie w zach\u0119caniu do czytania.<\/p>\t\t\t\t\t\t\t\t<\/div>\n\t\t\t\t<\/div>\n\t\t\t\t<\/div>\n\t\t<div class=\"elementor-element elementor-element-74bcdd1 e-con-full e-flex e-con e-child\" data-id=\"74bcdd1\" data-element_type=\"container\" data-e-type=\"container\">\n\t\t\t\t<div class=\"elementor-element elementor-element-4d90b31 elementor-widget elementor-widget-heading\" data-id=\"4d90b31\" data-element_type=\"widget\" data-e-type=\"widget\" data-widget_type=\"heading.default\">\n\t\t\t\t<div class=\"elementor-widget-container\">\n\t\t\t\t\t<h2 class=\"elementor-heading-title elementor-size-default\">Oleksandra Koval\n<\/h2>\t\t\t\t<\/div>\n\t\t\t\t<\/div>\n\t\t\t\t<div class=\"elementor-element elementor-element-71887c9 elementor-widget elementor-widget-text-editor\" data-id=\"71887c9\" data-element_type=\"widget\" data-e-type=\"widget\" data-widget_type=\"text-editor.default\">\n\t\t\t\t<div class=\"elementor-widget-container\">\n\t\t\t\t\t\t\t\t\t<p>Ukrai\u0144ski Instytut Ksi\u0105\u017cki<\/p>\t\t\t\t\t\t\t\t<\/div>\n\t\t\t\t<\/div>\n\t\t\t\t<div class=\"elementor-element elementor-element-912c1f5 elementor-widget elementor-widget-text-editor\" data-id=\"912c1f5\" data-element_type=\"widget\" data-e-type=\"widget\" data-widget_type=\"text-editor.default\">\n\t\t\t\t<div class=\"elementor-widget-container\">\n\t\t\t\t\t\t\t\t\t<p>Ukraina potrzebuje dzi\u015b funduszy na rozw\u00f3j czytelnictwa &#8211; zaopatrzenie bibliotek i wsparcie bran\u017cy wydawniczej.<\/p>\t\t\t\t\t\t\t\t<\/div>\n\t\t\t\t<\/div>\n\t\t\t\t<\/div>\n\t\t\t\t\t<\/div>\n\t\t\t\t<\/div>\n\t\t<div class=\"elementor-element elementor-element-cbca772 e-flex e-con-boxed e-con e-parent\" data-id=\"cbca772\" data-element_type=\"container\" data-e-type=\"container\">\n\t\t\t\t\t<div class=\"e-con-inner\">\n\t\t\t\t<div class=\"elementor-element elementor-element-a17b826 elementor-widget elementor-widget-spacer\" data-id=\"a17b826\" data-element_type=\"widget\" data-e-type=\"widget\" data-widget_type=\"spacer.default\">\n\t\t\t\t<div class=\"elementor-widget-container\">\n\t\t\t\t\t\t\t<div class=\"elementor-spacer\">\n\t\t\t<div class=\"elementor-spacer-inner\"><\/div>\n\t\t<\/div>\n\t\t\t\t\t\t<\/div>\n\t\t\t\t<\/div>\n\t\t\t\t\t<\/div>\n\t\t\t\t<\/div>\n\t\t<div class=\"elementor-element elementor-element-26314ee e-flex e-con-boxed e-con e-parent\" data-id=\"26314ee\" data-element_type=\"container\" data-e-type=\"container\">\n\t\t\t\t\t<div class=\"e-con-inner\">\n\t\t\t\t<div class=\"elementor-element elementor-element-3de5076 elementor-widget elementor-widget-text-editor\" data-id=\"3de5076\" data-element_type=\"widget\" data-e-type=\"widget\" data-widget_type=\"text-editor.default\">\n\t\t\t\t<div class=\"elementor-widget-container\">\n\t\t\t\t\t\t\t\t\t<p>WSP\u00d3LNIE ZROBIMY WI\u0118CEJ<\/p>\t\t\t\t\t\t\t\t<\/div>\n\t\t\t\t<\/div>\n\t\t\t\t<div class=\"elementor-element elementor-element-ec1abfb elementor-widget elementor-widget-heading\" data-id=\"ec1abfb\" data-element_type=\"widget\" data-e-type=\"widget\" data-widget_type=\"heading.default\">\n\t\t\t\t<div class=\"elementor-widget-container\">\n\t\t\t\t\t<h2 class=\"elementor-heading-title elementor-size-default\">Wsp\u00f3\u0142pracujemy<\/h2>\t\t\t\t<\/div>\n\t\t\t\t<\/div>\n\t\t\t\t\t<\/div>\n\t\t\t\t<\/div>\n\t\t<div class=\"elementor-element elementor-element-f951760 e-flex e-con-boxed e-con e-parent\" data-id=\"f951760\" data-element_type=\"container\" data-e-type=\"container\">\n\t\t\t\t\t<div class=\"e-con-inner\">\n\t\t\t\t<div class=\"elementor-element elementor-element-534c897 elementor-arrows-yes elementor-pagination-type-bullets elementor-review--has-separator elementor--star-style-star_fontawesome elementor-widget elementor-widget-reviews\" data-id=\"534c897\" data-element_type=\"widget\" data-e-type=\"widget\" data-settings=\"{&quot;slides_per_view&quot;:&quot;4&quot;,&quot;show_arrows&quot;:&quot;yes&quot;,&quot;pagination&quot;:&quot;bullets&quot;,&quot;speed&quot;:500,&quot;autoplay&quot;:&quot;yes&quot;,&quot;autoplay_speed&quot;:5000,&quot;loop&quot;:&quot;yes&quot;,&quot;pause_on_hover&quot;:&quot;yes&quot;,&quot;pause_on_interaction&quot;:&quot;yes&quot;,&quot;space_between&quot;:{&quot;unit&quot;:&quot;px&quot;,&quot;size&quot;:10,&quot;sizes&quot;:[]},&quot;space_between_tablet&quot;:{&quot;unit&quot;:&quot;px&quot;,&quot;size&quot;:10,&quot;sizes&quot;:[]},&quot;space_between_mobile&quot;:{&quot;unit&quot;:&quot;px&quot;,&quot;size&quot;:10,&quot;sizes&quot;:[]}}\" data-widget_type=\"reviews.default\">\n\t\t\t\t<div class=\"elementor-widget-container\">\n\t\t\t\t\t\t\t\t\t<div class=\"elementor-swiper\">\n\t\t\t\t\t<div class=\"elementor-main-swiper swiper\" role=\"region\" aria-roledescription=\"carousel\" aria-label=\"Slides\">\n\t\t\t\t<div class=\"swiper-wrapper\">\n\t\t\t\t\t\t\t\t\t\t\t<div class=\"swiper-slide\" role=\"group\" aria-roledescription=\"slide\">\n\t\t\t\t\t\t\t\t\t<div class=\"elementor-testimonial elementor-repeater-item-35dc887\">\n\t\t\t\t\t\t\t<div class=\"elementor-testimonial__header\">\n\t\t\t\t\t\t\t\t\t\t\t<div class=\"elementor-testimonial__image\">\n\t\t\t\t\t\t\t<img decoding=\"async\" src=\"https:\/\/www.fpc.org.pl\/wp-content\/uploads\/2024\/08\/10.png\" alt=\"Reach Out &amp; Read\">\n\t\t\t\t\t\t\t\t\t\t\t\t\t<\/div>\n\t\t\t\t\t\t\t\t\t\t<cite class=\"elementor-testimonial__cite\"><span class=\"elementor-testimonial__name\">Reach Out &amp; Read<\/span><\/cite>\t\t\t\t\t<div class=\"elementor-testimonial__icon elementor-icon elementor-icon-\" aria-label=\"Read More\"><\/div>\t\t\t\t<\/div>\n\t\t\t\t\t\t\t\t\t\t<div class=\"elementor-testimonial__content\">\n\t\t\t\t\t<div class=\"elementor-testimonial__text\">\n\t\t\t\t\t\tFundacja dzia\u0142aj\u0105ca od ponad trzydziestu lat w USA, kt\u00f3ra jako pierwsza przeprowadzi\u0142a program upowszechniania czytania poprzez lekarzy pediatr\u00f3w. Fundator i za\u0142o\u017cyciel ROR dr Barry Zuckerman by\u0142 autorem pomys\u0142u, \u017ceby zapisywa\u0107 czytanie dzieciom na \"recepcie\". ROR jest mi\u0119dzynarodowym partnerem Fundacji Powszechnego Czytania.\t\t\t\t\t<\/div>\n\t\t\t\t<\/div>\n\t\t\t\t\t<\/div>\n\t\t\t\t\t\t\t\t<\/div>\n\t\t\t\t\t\t\t\t\t\t\t<div class=\"swiper-slide\" role=\"group\" aria-roledescription=\"slide\">\n\t\t\t\t\t\t\t\t\t<div class=\"elementor-testimonial elementor-repeater-item-6dd0ac0\">\n\t\t\t\t\t\t\t<div class=\"elementor-testimonial__header\">\n\t\t\t\t\t\t\t\t\t\t\t<div class=\"elementor-testimonial__image\">\n\t\t\t\t\t\t\t<img decoding=\"async\" src=\"https:\/\/www.fpc.org.pl\/wp-content\/uploads\/2024\/08\/11.png\" alt=\"Biblioteka Narodowa\">\n\t\t\t\t\t\t\t\t\t\t\t\t\t<\/div>\n\t\t\t\t\t\t\t\t\t\t<cite class=\"elementor-testimonial__cite\"><span class=\"elementor-testimonial__name\">Biblioteka Narodowa<\/span><\/cite>\t\t\t\t\t<div class=\"elementor-testimonial__icon elementor-icon elementor-icon-\" aria-label=\"Read More\"><\/div>\t\t\t\t<\/div>\n\t\t\t\t\t\t\t\t\t\t<div class=\"elementor-testimonial__content\">\n\t\t\t\t\t<div class=\"elementor-testimonial__text\">\n\t\t\t\t\t\tBiblioteka Narodowa to jednak z najstarszych instytucji kultury w Polsce. Chcemy, \u017ceby nasze projekty by\u0142y oparte o badania naukowe, a dzi\u0119ki Bibliotece Narodowej mamy dost\u0119p do najnowszych bada\u0144, prowadzonych przez profesjonalist\u00f3w. Konsultujemy nasze pomys\u0142y na dzia\u0142ania projektowe z jej pracownikami naukowymi.\n\nBiblioteka Narodowa patronuje kampaniom Fundacji Powszechnego Czytania.\t\t\t\t\t<\/div>\n\t\t\t\t<\/div>\n\t\t\t\t\t<\/div>\n\t\t\t\t\t\t\t\t<\/div>\n\t\t\t\t\t\t\t\t\t\t\t<div class=\"swiper-slide\" role=\"group\" aria-roledescription=\"slide\">\n\t\t\t\t\t\t\t\t\t<div class=\"elementor-testimonial elementor-repeater-item-9ee06a2\">\n\t\t\t\t\t\t\t<div class=\"elementor-testimonial__header\">\n\t\t\t\t\t\t\t\t\t\t\t<div class=\"elementor-testimonial__image\">\n\t\t\t\t\t\t\t<img decoding=\"async\" src=\"https:\/\/www.fpc.org.pl\/wp-content\/uploads\/2024\/08\/12.png\" alt=\"Instytut Ksi\u0105\u017cki\">\n\t\t\t\t\t\t\t\t\t\t\t\t\t<\/div>\n\t\t\t\t\t\t\t\t\t\t<cite class=\"elementor-testimonial__cite\"><span class=\"elementor-testimonial__name\">Instytut Ksi\u0105\u017cki<\/span><\/cite>\t\t\t\t\t<div class=\"elementor-testimonial__icon elementor-icon elementor-icon-\" aria-label=\"Read More\"><\/div>\t\t\t\t<\/div>\n\t\t\t\t\t\t\t\t\t\t<div class=\"elementor-testimonial__content\">\n\t\t\t\t\t<div class=\"elementor-testimonial__text\">\n\t\t\t\t\t\tInstytut Ksi\u0105\u017cki to narodowa instytucja kultury, powo\u0142ana przez Ministra Kultury do promocji polskiej literatury na \u015bwiecie oraz popularyzacji ksi\u0105\u017cek i czytelnictwa w kraju. Podejmuje niezwykle wa\u017cn\u0105 akcj\u0119 \u201eMa\u0142a ksi\u0105\u017cka, wielki cz\u0142owiek\u201d.\n\nWsp\u00f3\u0142pracujemy przy projektach zwi\u0105zanych z promocj\u0105 czytelnictwa.\nBiblioteka Narodowa patronuje kampaniom Fundacji Powszechnego Czytania.\t\t\t\t\t<\/div>\n\t\t\t\t<\/div>\n\t\t\t\t\t<\/div>\n\t\t\t\t\t\t\t\t<\/div>\n\t\t\t\t\t\t\t\t\t\t\t<div class=\"swiper-slide\" role=\"group\" aria-roledescription=\"slide\">\n\t\t\t\t\t\t\t\t\t<div class=\"elementor-testimonial elementor-repeater-item-873d985\">\n\t\t\t\t\t\t\t<div class=\"elementor-testimonial__header\">\n\t\t\t\t\t\t\t\t\t\t\t<div class=\"elementor-testimonial__image\">\n\t\t\t\t\t\t\t<img decoding=\"async\" src=\"https:\/\/www.fpc.org.pl\/wp-content\/uploads\/2024\/08\/13.png\" alt=\"Booktrust\">\n\t\t\t\t\t\t\t\t\t\t\t\t\t<\/div>\n\t\t\t\t\t\t\t\t\t\t<cite class=\"elementor-testimonial__cite\"><span class=\"elementor-testimonial__name\">Booktrust<\/span><\/cite>\t\t\t\t\t<div class=\"elementor-testimonial__icon elementor-icon elementor-icon-\" aria-label=\"Read More\"><\/div>\t\t\t\t<\/div>\n\t\t\t\t\t\t\t\t\t\t<div class=\"elementor-testimonial__content\">\n\t\t\t\t\t<div class=\"elementor-testimonial__text\">\n\t\t\t\t\t\tBookTrust to organizacja pozarz\u0105dowa, odpowiedzialna za programy upowszechniania czytania w\u015br\u00f3d dzieci w Wielkiej Brytanii. Z ich do\u015bwiadcze\u0144, zdobytych przez wiele lat prowadzenia akcji rozdawania ksi\u0105\u017cek dzieciom zaraz po narodzinach oraz p\u00f3\u017aniej: w przedszkolu i szkole (Bookstart) korzystaj\u0105 ch\u0119tnie inne organizacje proczytelnicze z Europy.\n\nTak\u017ce Fundacja Powszechnego Czytania pozostaje w kontakcie z BookTrust, kt\u00f3re ch\u0119tnie dzieli si\u0119 do\u015bwiadczeniem.\t\t\t\t\t<\/div>\n\t\t\t\t<\/div>\n\t\t\t\t\t<\/div>\n\t\t\t\t\t\t\t\t<\/div>\n\t\t\t\t\t\t\t\t\t\t\t<div class=\"swiper-slide\" role=\"group\" aria-roledescription=\"slide\">\n\t\t\t\t\t\t\t\t\t<div class=\"elementor-testimonial elementor-repeater-item-c4fbcce\">\n\t\t\t\t\t\t\t<div class=\"elementor-testimonial__header\">\n\t\t\t\t\t\t\t\t\t\t\t<div class=\"elementor-testimonial__image\">\n\t\t\t\t\t\t\t<img decoding=\"async\" src=\"https:\/\/www.fpc.org.pl\/wp-content\/uploads\/2024\/08\/14.png\" alt=\"EURread\">\n\t\t\t\t\t\t\t\t\t\t\t\t\t<\/div>\n\t\t\t\t\t\t\t\t\t\t<cite class=\"elementor-testimonial__cite\"><span class=\"elementor-testimonial__name\">EURread<\/span><\/cite>\t\t\t\t\t<div class=\"elementor-testimonial__icon elementor-icon elementor-icon-\" aria-label=\"Read More\"><\/div>\t\t\t\t<\/div>\n\t\t\t\t\t\t\t\t\t\t<div class=\"elementor-testimonial__content\">\n\t\t\t\t\t<div class=\"elementor-testimonial__text\">\n\t\t\t\t\t\tEUread to instytucja zrzeszaj\u0105ca europejskie organizacje upowszechniaj\u0105ce czytanie, jako fundament rozwoju i klucz do pe\u0142nego uczestnictwa w dzisiejszym spo\u0142ecze\u0144stwie. Prezes EuRead Joerg F. Maas przekaza\u0142 wyrazy poparcia dla Fundacji Powszechnego Czytania i projektu \"Ksi\u0105\u017cka na recept\u0119\" oraz zach\u0119t\u0119 do dalszych dzia\u0142a\u0144. W 2023 roku FPC zosta\u0142a cz\u0142onkiem EURead.\t\t\t\t\t<\/div>\n\t\t\t\t<\/div>\n\t\t\t\t\t<\/div>\n\t\t\t\t\t\t\t\t<\/div>\n\t\t\t\t\t\t\t\t\t\t\t<div class=\"swiper-slide\" role=\"group\" aria-roledescription=\"slide\">\n\t\t\t\t\t\t\t\t\t<div class=\"elementor-testimonial elementor-repeater-item-fdc1bf7\">\n\t\t\t\t\t\t\t<div class=\"elementor-testimonial__header\">\n\t\t\t\t\t\t\t\t\t\t\t<div class=\"elementor-testimonial__image\">\n\t\t\t\t\t\t\t<img decoding=\"async\" src=\"https:\/\/www.fpc.org.pl\/wp-content\/uploads\/2024\/08\/15.png\" alt=\"FRSI\">\n\t\t\t\t\t\t\t\t\t\t\t\t\t<\/div>\n\t\t\t\t\t\t\t\t\t\t<cite class=\"elementor-testimonial__cite\"><span class=\"elementor-testimonial__name\">FRSI<\/span><\/cite>\t\t\t\t\t<div class=\"elementor-testimonial__icon elementor-icon elementor-icon-\" aria-label=\"Read More\"><\/div>\t\t\t\t<\/div>\n\t\t\t\t\t\t\t\t\t\t<div class=\"elementor-testimonial__content\">\n\t\t\t\t\t<div class=\"elementor-testimonial__text\">\n\t\t\t\t\t\tFundacja Rozwoju Spo\u0142ecze\u0144stwa Informacyjnego zosta\u0142a utworzona w 2008 roku, a jej pierwszym zadaniem by\u0142a realizacja og\u00f3lnopolskiego Programu Rozwoju Bibliotek, kt\u00f3ry sta\u0142 si\u0119 jej sztandarow\u0105 inicjatyw\u0105.\n\nProjekt, przy kt\u00f3rym FRSI wsp\u00f3\u0142pracuje z FPC to \"Para-Buch! Ksi\u0105\u017cka w ruch!\". Po\u015bwi\u0119cony jest promowaniu literatury popularnonaukowej w\u015br\u00f3d dzieci i kszta\u0142towaniu nawyku czytania. Opr\u00f3cz tego wsp\u00f3lnie realizujemy projekt Books without Bordes, kt\u00f3rego celem jest zaproszenie do kultury ksi\u0105\u017cki os\u00f3b doros\u0142ych, maj\u0105cych trudno\u015bci z czytaniem.\t\t\t\t\t<\/div>\n\t\t\t\t<\/div>\n\t\t\t\t\t<\/div>\n\t\t\t\t\t\t\t\t<\/div>\n\t\t\t\t\t\t\t\t\t\t\t<div class=\"swiper-slide\" role=\"group\" aria-roledescription=\"slide\">\n\t\t\t\t\t\t\t\t\t<div class=\"elementor-testimonial elementor-repeater-item-2135e63\">\n\t\t\t\t\t\t\t<div class=\"elementor-testimonial__header\">\n\t\t\t\t\t\t\t\t\t\t\t<div class=\"elementor-testimonial__image\">\n\t\t\t\t\t\t\t<img decoding=\"async\" src=\"https:\/\/www.fpc.org.pl\/wp-content\/uploads\/2024\/08\/16.png\" alt=\"Szko\u0142a Edukacji\">\n\t\t\t\t\t\t\t\t\t\t\t\t\t<\/div>\n\t\t\t\t\t\t\t\t\t\t<cite class=\"elementor-testimonial__cite\"><span class=\"elementor-testimonial__name\">Szko\u0142a Edukacji<\/span><\/cite>\t\t\t\t\t<div class=\"elementor-testimonial__icon elementor-icon elementor-icon-\" aria-label=\"Read More\"><\/div>\t\t\t\t<\/div>\n\t\t\t\t\t\t\t\t\t\t<div class=\"elementor-testimonial__content\">\n\t\t\t\t\t<div class=\"elementor-testimonial__text\">\n\t\t\t\t\t\tSzko\u0142a Edukacji to wsp\u00f3lne przedsi\u0119wzi\u0119cie Polsko-Ameryka\u0144skiej Fundacji Wolno\u015bci i Uniwersytetu Warszawskiego. Jej g\u0142\u00f3wnym celem jest poprawa jako\u015bci edukacji w Polsce.\n\nSE jest w naturalny spos\u00f3b zaanga\u017cowana w sprawy czytelnictwa, dlatego wspomog\u0142a nas przy organizacji wizyty prof. Zuckermana w Polsce.\t\t\t\t\t<\/div>\n\t\t\t\t<\/div>\n\t\t\t\t\t<\/div>\n\t\t\t\t\t\t\t\t<\/div>\n\t\t\t\t\t\t\t\t\t\t\t<div class=\"swiper-slide\" role=\"group\" aria-roledescription=\"slide\">\n\t\t\t\t\t\t\t\t\t<div class=\"elementor-testimonial elementor-repeater-item-63a4077\">\n\t\t\t\t\t\t\t<div class=\"elementor-testimonial__header\">\n\t\t\t\t\t\t\t\t\t\t\t<div class=\"elementor-testimonial__image\">\n\t\t\t\t\t\t\t<img decoding=\"async\" src=\"https:\/\/www.fpc.org.pl\/wp-content\/uploads\/2024\/08\/17.png\" alt=\"Warszawski Uniwersytet Medyczny\">\n\t\t\t\t\t\t\t\t\t\t\t\t\t<\/div>\n\t\t\t\t\t\t\t\t\t\t<cite class=\"elementor-testimonial__cite\"><span class=\"elementor-testimonial__name\">Warszawski Uniwersytet Medyczny<\/span><\/cite>\t\t\t\t\t<div class=\"elementor-testimonial__icon elementor-icon elementor-icon-\" aria-label=\"Read More\"><\/div>\t\t\t\t<\/div>\n\t\t\t\t\t\t\t\t\t\t<div class=\"elementor-testimonial__content\">\n\t\t\t\t\t<div class=\"elementor-testimonial__text\">\n\t\t\t\t\t\tWarszawski Uniwersytet Medyczny to o\u015brodek akademicki z 200-letni\u0105 histori\u0105 nauczania medycyny. Dzi\u0119ki uprzejmo\u015bci WUM zorganizowali\u015bmy pod honorowym patronatem JM Rektora prof. dr hab. n. med. Miros\u0142awa Wielgosia spotkanie i dyskusj\u0119 za\u0142o\u017cyciela Reach Out and Read prof. Barrego Zuckermana z polskimi lekarzami, specjalistami pediatrii i neonatologii.\t\t\t\t\t<\/div>\n\t\t\t\t<\/div>\n\t\t\t\t\t<\/div>\n\t\t\t\t\t\t\t\t<\/div>\n\t\t\t\t\t\t\t\t\t\t\t<div class=\"swiper-slide\" role=\"group\" aria-roledescription=\"slide\">\n\t\t\t\t\t\t\t\t\t<div class=\"elementor-testimonial elementor-repeater-item-4a3cfe1\">\n\t\t\t\t\t\t\t<div class=\"elementor-testimonial__header\">\n\t\t\t\t\t\t\t\t\t\t\t<div class=\"elementor-testimonial__image\">\n\t\t\t\t\t\t\t<img decoding=\"async\" src=\"https:\/\/www.fpc.org.pl\/wp-content\/uploads\/2024\/08\/18.png\" alt=\"Centrum Edukacji Obywatelskiej\">\n\t\t\t\t\t\t\t\t\t\t\t\t\t<\/div>\n\t\t\t\t\t\t\t\t\t\t<cite class=\"elementor-testimonial__cite\"><span class=\"elementor-testimonial__name\">Centrum Edukacji Obywatelskiej<\/span><\/cite>\t\t\t\t\t<div class=\"elementor-testimonial__icon elementor-icon elementor-icon-\" aria-label=\"Read More\"><\/div>\t\t\t\t<\/div>\n\t\t\t\t\t\t\t\t\t\t<div class=\"elementor-testimonial__content\">\n\t\t\t\t\t<div class=\"elementor-testimonial__text\">\n\t\t\t\t\t\tCentrum Edukacji Obywatelskiej to najwi\u0119ksza w Polsce organizacja po\u017cytku publicznego. Jej misj\u0105 we wsp\u00f3\u0142czesnym \u015bwiecie jest promowanie m\u0105drej edukacji i nowych metod nauczania. Jednym z obszar\u00f3w dzia\u0142ania jest promowanie kultury i uczestniczenia w niej.\n\nZ CEO nawi\u0105zali\u015bmy wsp\u00f3\u0142prac\u0119 z Centrum Edukacji Obywatelskiej w ramach projektu Noc Bibliotek. Wa\u017cne jest dla nas, \u017ce projekt skupia si\u0119 na promocji bibliotek tak\u017ce w\u015br\u00f3d ludzi, kt\u00f3rzy zwyczajowo ich nie odwiedzaj\u0105 i cz\u0119sto nie czytaj\u0105 ksi\u0105\u017cek z dzie\u0107mi.\t\t\t\t\t<\/div>\n\t\t\t\t<\/div>\n\t\t\t\t\t<\/div>\n\t\t\t\t\t\t\t\t<\/div>\n\t\t\t\t\t\t\t\t\t\t\t<div class=\"swiper-slide\" role=\"group\" aria-roledescription=\"slide\">\n\t\t\t\t\t\t\t\t\t<div class=\"elementor-testimonial elementor-repeater-item-17f6d07\">\n\t\t\t\t\t\t\t<div class=\"elementor-testimonial__header\">\n\t\t\t\t\t\t\t\t\t\t\t<div class=\"elementor-testimonial__image\">\n\t\t\t\t\t\t\t<img decoding=\"async\" src=\"https:\/\/www.fpc.org.pl\/wp-content\/uploads\/2024\/08\/19.png\" alt=\"Krak\u00f3w, KBF, Krak\u00f3w Miasto Literatury UNESCO\">\n\t\t\t\t\t\t\t\t\t\t\t\t\t<\/div>\n\t\t\t\t\t\t\t\t\t\t<cite class=\"elementor-testimonial__cite\"><span class=\"elementor-testimonial__name\">Krak\u00f3w, KBF, Krak\u00f3w Miasto Literatury UNESCO<\/span><\/cite>\t\t\t\t\t<div class=\"elementor-testimonial__icon elementor-icon elementor-icon-\" aria-label=\"Read More\"><\/div>\t\t\t\t<\/div>\n\t\t\t\t\t\t\t\t\t\t<div class=\"elementor-testimonial__content\">\n\t\t\t\t\t<div class=\"elementor-testimonial__text\">\n\t\t\t\t\t\tKBF - Krakowskie Biuro Festiwalowe \u2013 gminna instytucja kultury, kt\u00f3rej g\u0142\u00f3wne obszary dzia\u0142alno\u015bci to literatura, film i muzyka. Wsp\u00f3\u0142tworzy program Krak\u00f3w Miasto Literatury UNESCO \u2013 kt\u00f3ry by\u0142 pierwsz\u0105 w Polsce miejsk\u0105 strategi\u0105 promocji czytelnictwa oraz wsparcia dla tw\u00f3rc\u00f3w i lokalnego rynku ksi\u0105\u017cki.\n\nWsp\u00f3\u0142pracujemy m.in przy projektach Supermoc ksi\u0105\u017cek i Polska Czytaj\u0105ca.\t\t\t\t\t<\/div>\n\t\t\t\t<\/div>\n\t\t\t\t\t<\/div>\n\t\t\t\t\t\t\t\t<\/div>\n\t\t\t\t\t\t\t\t\t\t\t<div class=\"swiper-slide\" role=\"group\" aria-roledescription=\"slide\">\n\t\t\t\t\t\t\t\t\t<div class=\"elementor-testimonial elementor-repeater-item-52dd7a1\">\n\t\t\t\t\t\t\t<div class=\"elementor-testimonial__header\">\n\t\t\t\t\t\t\t\t\t\t\t<div class=\"elementor-testimonial__image\">\n\t\t\t\t\t\t\t<img decoding=\"async\" src=\"https:\/\/www.fpc.org.pl\/wp-content\/uploads\/2024\/08\/20.png\" alt=\"Wroc\u0142awski Dom Literatury, Wroc\u0142aw Miasto Literatury UNESCO\">\n\t\t\t\t\t\t\t\t\t\t\t\t\t<\/div>\n\t\t\t\t\t\t\t\t\t\t<cite class=\"elementor-testimonial__cite\"><span class=\"elementor-testimonial__name\">Wroc\u0142awski Dom Literatury, Wroc\u0142aw Miasto Literatury UNESCO<\/span><\/cite>\t\t\t\t\t<div class=\"elementor-testimonial__icon elementor-icon elementor-icon-\" aria-label=\"Read More\"><\/div>\t\t\t\t<\/div>\n\t\t\t\t\t\t\t\t\t\t<div class=\"elementor-testimonial__content\">\n\t\t\t\t\t<div class=\"elementor-testimonial__text\">\n\t\t\t\t\t\tWroc\u0142awski Dom Literatury to instytucja powsta\u0142a w ramach Europejskiej Stolicy Kultury\nWroc\u0142aw 2016. Organizuje wiele wydarze\u0144 i przedsi\u0119wzi\u0119\u0107 literackich i czytelniczych.\nDzi\u0119ki jej dzia\u0142aniom, w 2019 roku Wroc\u0142aw do\u0142\u0105czy\u0142 do Sieci Miast Kreatywnych UNESCO jako Miasto Literatury, kt\u00f3re wspiera lokalne przemys\u0142y kreatywne zwi\u0105zane z ksi\u0105\u017ck\u0105, rozbudowuje spo\u0142eczno\u015b\u0107 wok\u00f3\u0142 inicjatyw literackich.\nZ FPC wsp\u00f3\u0142tworz\u0105 m.in. projekty Supermoc Ksi\u0105\u017cek i Polska Czytaj\u0105ca.\t\t\t\t\t<\/div>\n\t\t\t\t<\/div>\n\t\t\t\t\t<\/div>\n\t\t\t\t\t\t\t\t<\/div>\n\t\t\t\t\t\t\t\t\t\t\t<div class=\"swiper-slide\" role=\"group\" aria-roledescription=\"slide\">\n\t\t\t\t\t\t\t\t\t<div class=\"elementor-testimonial elementor-repeater-item-4a78d81\">\n\t\t\t\t\t\t\t<div class=\"elementor-testimonial__header\">\n\t\t\t\t\t\t\t\t\t\t\t<div class=\"elementor-testimonial__image\">\n\t\t\t\t\t\t\t<img decoding=\"async\" src=\"https:\/\/www.fpc.org.pl\/wp-content\/uploads\/2024\/08\/21.png\" alt=\"Fundacja Olgi Tokarczuk\">\n\t\t\t\t\t\t\t\t\t\t\t\t\t<\/div>\n\t\t\t\t\t\t\t\t\t\t<cite class=\"elementor-testimonial__cite\"><span class=\"elementor-testimonial__name\">Fundacja Olgi Tokarczuk<\/span><\/cite>\t\t\t\t\t<div class=\"elementor-testimonial__icon elementor-icon elementor-icon-\" aria-label=\"Read More\"><\/div>\t\t\t\t<\/div>\n\t\t\t\t\t\t\t\t\t\t<div class=\"elementor-testimonial__content\">\n\t\t\t\t\t<div class=\"elementor-testimonial__text\">\n\t\t\t\t\t\tCelem Fundacji Olgi Tokarczuk jest promocja kultury i sztuki, wspieranie szeroko poj\u0119tej ochrony praw cz\u0142owieka, demokracji, spo\u0142ecze\u0144stwa obywatelskiego, swob\u00f3d obywatelskich, \u015brodowiska, przeciwdzia\u0142anie dyskryminacji, a tak\u017ce praw kobiet oraz rozwoju Polski.\n\nFundacja wsp\u00f3\u0142pracuje z Wroc\u0142awskim Domem Literatury, a razem z FPC realizuje m.in. projekt Supermoc Ksi\u0105\u017cek.\t\t\t\t\t<\/div>\n\t\t\t\t<\/div>\n\t\t\t\t\t<\/div>\n\t\t\t\t\t\t\t\t<\/div>\n\t\t\t\t\t\t\t\t\t\t\t<div class=\"swiper-slide\" role=\"group\" aria-roledescription=\"slide\">\n\t\t\t\t\t\t\t\t\t<div class=\"elementor-testimonial elementor-repeater-item-963e0f1\">\n\t\t\t\t\t\t\t<div class=\"elementor-testimonial__header\">\n\t\t\t\t\t\t\t\t\t\t\t<div class=\"elementor-testimonial__image\">\n\t\t\t\t\t\t\t<img decoding=\"async\" src=\"https:\/\/www.fpc.org.pl\/wp-content\/uploads\/2024\/08\/22.png\" alt=\"Fundacja Edico\">\n\t\t\t\t\t\t\t\t\t\t\t\t\t<\/div>\n\t\t\t\t\t\t\t\t\t\t<cite class=\"elementor-testimonial__cite\"><span class=\"elementor-testimonial__name\">Fundacja Edico<\/span><\/cite>\t\t\t\t\t<div class=\"elementor-testimonial__icon elementor-icon elementor-icon-\" aria-label=\"Read More\"><\/div>\t\t\t\t<\/div>\n\t\t\t\t\t\t\t\t\t\t<div class=\"elementor-testimonial__content\">\n\t\t\t\t\t<div class=\"elementor-testimonial__text\">\n\t\t\t\t\t\tCelem Fundacji Edico jest edukacja, przekazywanie wiedzy i wychowywanie przez sztuk\u0119. Organizacja aktywnie anga\u017cuje si\u0119 we wspieranie odpowiedniego rozwoju dzieci z wykorzystaniem konkretnych metod. Jedn\u0105 z nich jest promocja regularnego czytania.\n\nRazem wsp\u00f3\u0142tworzymy m.in. akcj\u0119 Supermoc Ksi\u0105\u017cek #TataTe\u017cCzyta.\t\t\t\t\t<\/div>\n\t\t\t\t<\/div>\n\t\t\t\t\t<\/div>\n\t\t\t\t\t\t\t\t<\/div>\n\t\t\t\t\t\t\t\t\t\t\t<div class=\"swiper-slide\" role=\"group\" aria-roledescription=\"slide\">\n\t\t\t\t\t\t\t\t\t<div class=\"elementor-testimonial elementor-repeater-item-d700481\">\n\t\t\t\t\t\t\t<div class=\"elementor-testimonial__header\">\n\t\t\t\t\t\t\t\t\t\t\t<div class=\"elementor-testimonial__image\">\n\t\t\t\t\t\t\t<img decoding=\"async\" src=\"https:\/\/www.fpc.org.pl\/wp-content\/uploads\/2024\/08\/1.png\" alt=\"Polska Izba Ksi\u0105\u017cki\">\n\t\t\t\t\t\t\t\t\t\t\t\t\t<\/div>\n\t\t\t\t\t\t\t\t\t\t<cite class=\"elementor-testimonial__cite\"><span class=\"elementor-testimonial__name\">Polska Izba Ksi\u0105\u017cki<\/span><\/cite>\t\t\t\t\t<div class=\"elementor-testimonial__icon elementor-icon elementor-icon-\" aria-label=\"Read More\"><\/div>\t\t\t\t<\/div>\n\t\t\t\t\t\t\t\t\t\t<div class=\"elementor-testimonial__content\">\n\t\t\t\t\t<div class=\"elementor-testimonial__text\">\n\t\t\t\t\t\tPolska Izba Ksi\u0105\u017cki zrzesza wiele podmiot\u00f3w szeroko zwi\u0105zanych z rynkiem ksi\u0105\u017cki, podkre\u015blaj\u0105c konieczno\u015b\u0107 wsp\u00f3\u0142pracy mi\u0119dzy nimi. Aktywnie uczestniczy w zmianach w obszarze kultury i edukacji. Jako jedno z najwi\u0119kszych wyzwa\u0144 definiuje zbyt niski poziom czytelnictwa w Polsce. Do g\u0142\u00f3wnych zada\u0144 Izby nale\u017cy badanie czytelnictwa i poszukiwanie metod skutecznej motywacji Polak\u00f3w do czytania.\n\nRazem upowszechniamy czytelnictwo, m.in. w ramach kampanii Supermoc Ksi\u0105\u017cek.\t\t\t\t\t<\/div>\n\t\t\t\t<\/div>\n\t\t\t\t\t<\/div>\n\t\t\t\t\t\t\t\t<\/div>\n\t\t\t\t\t\t\t\t\t\t\t<div class=\"swiper-slide\" role=\"group\" aria-roledescription=\"slide\">\n\t\t\t\t\t\t\t\t\t<div class=\"elementor-testimonial elementor-repeater-item-1ec2d6b\">\n\t\t\t\t\t\t\t<div class=\"elementor-testimonial__header\">\n\t\t\t\t\t\t\t\t\t\t\t<div class=\"elementor-testimonial__image\">\n\t\t\t\t\t\t\t<img decoding=\"async\" src=\"https:\/\/www.fpc.org.pl\/wp-content\/uploads\/2024\/08\/2.png\" alt=\"Unia Metropolii Polskich\">\n\t\t\t\t\t\t\t\t\t\t\t\t\t<\/div>\n\t\t\t\t\t\t\t\t\t\t<cite class=\"elementor-testimonial__cite\"><span class=\"elementor-testimonial__name\">Unia Metropolii Polskich<\/span><\/cite>\t\t\t\t\t<div class=\"elementor-testimonial__icon elementor-icon elementor-icon-\" aria-label=\"Read More\"><\/div>\t\t\t\t<\/div>\n\t\t\t\t\t\t\t\t\t\t<div class=\"elementor-testimonial__content\">\n\t\t\t\t\t<div class=\"elementor-testimonial__text\">\n\t\t\t\t\t\tUnia Metropolii Polskich jest inicjatyw\u0105, kt\u00f3ra zrzesza 12 najwi\u0119kszych miast w Polsce, a jej celem jest umacnianie pozycji Polski w Europie i w \u015bwiecie. Razem wspiera rozw\u00f3j, struktury regionalne i porusza kwestie wa\u017cne dla rozwoju miast i ich mieszka\u0144c\u00f3w. W 2022 r. razem stworzyli\u015bmy kampani\u0119 #CzytanieRz\u0105dzi, pierwsz\u0105 w Polsce pot\u0119\u017cn\u0105 inicjatyw\u0119 samorz\u0105dowc\u00f3w na rzecz czytelnictwa. Prezydenci i przedstawiciele w\u0142adz osobi\u015bcie wspieraj\u0105 jego upowszechnianie w\u0142\u0105czaj\u0105c si\u0119 w proczytelnicze dzia\u0142ania.\t\t\t\t\t<\/div>\n\t\t\t\t<\/div>\n\t\t\t\t\t<\/div>\n\t\t\t\t\t\t\t\t<\/div>\n\t\t\t\t\t\t\t\t\t\t\t<div class=\"swiper-slide\" role=\"group\" aria-roledescription=\"slide\">\n\t\t\t\t\t\t\t\t\t<div class=\"elementor-testimonial elementor-repeater-item-747c337\">\n\t\t\t\t\t\t\t<div class=\"elementor-testimonial__header\">\n\t\t\t\t\t\t\t\t\t\t\t<div class=\"elementor-testimonial__image\">\n\t\t\t\t\t\t\t<img decoding=\"async\" src=\"https:\/\/www.fpc.org.pl\/wp-content\/uploads\/2024\/08\/4.png\" alt=\"IBBY\">\n\t\t\t\t\t\t\t\t\t\t\t\t\t<\/div>\n\t\t\t\t\t\t\t\t\t\t<cite class=\"elementor-testimonial__cite\"><span class=\"elementor-testimonial__name\">IBBY<\/span><\/cite>\t\t\t\t\t<div class=\"elementor-testimonial__icon elementor-icon elementor-icon-\" aria-label=\"Read More\"><\/div>\t\t\t\t<\/div>\n\t\t\t\t\t\t\t\t\t\t<div class=\"elementor-testimonial__content\">\n\t\t\t\t\t<div class=\"elementor-testimonial__text\">\n\t\t\t\t\t\tOrganizacja IBBY zajmuje si\u0119 promocj\u0105 literatury dzieci\u0119cej i m\u0142odzie\u017cowej. Polska Sekcja IBBY \u2013 Stowarzyszenia Przyjaci\u00f3\u0142 Ksi\u0105\u017cki dla M\u0142odych powsta\u0142a w 1974 roku. W swojej dzia\u0142alno\u015bci upowszechnia czytelnictwo w\u015br\u00f3d m\u0142odych os\u00f3b. Jest te\u017c wa\u017cny \u017ar\u00f3d\u0142em danych dotycz\u0105cych polskiej bran\u017cy literatury dzieci\u0119cej i m\u0142odzie\u017cowej.\nIBBY wspiera nasze projekty, m.in. Ratownicy Czytelnictwa.\t\t\t\t\t<\/div>\n\t\t\t\t<\/div>\n\t\t\t\t\t<\/div>\n\t\t\t\t\t\t\t\t<\/div>\n\t\t\t\t\t\t\t\t\t\t\t<div class=\"swiper-slide\" role=\"group\" aria-roledescription=\"slide\">\n\t\t\t\t\t\t\t\t\t<div class=\"elementor-testimonial elementor-repeater-item-d53d4f7\">\n\t\t\t\t\t\t\t<div class=\"elementor-testimonial__header\">\n\t\t\t\t\t\t\t\t\t\t\t<div class=\"elementor-testimonial__image\">\n\t\t\t\t\t\t\t<img decoding=\"async\" src=\"https:\/\/www.fpc.org.pl\/wp-content\/uploads\/2024\/08\/3.png\" alt=\"SP nr 33 im. Stanis\u0142awa Ligonia w Katowicach\">\n\t\t\t\t\t\t\t\t\t\t\t\t\t<\/div>\n\t\t\t\t\t\t\t\t\t\t<cite class=\"elementor-testimonial__cite\"><span class=\"elementor-testimonial__name\">SP nr 33 im. Stanis\u0142awa Ligonia w Katowicach<\/span><\/cite>\t\t\t\t\t<div class=\"elementor-testimonial__icon elementor-icon elementor-icon-\" aria-label=\"Read More\"><\/div>\t\t\t\t<\/div>\n\t\t\t\t\t\t\t\t\t\t<div class=\"elementor-testimonial__content\">\n\t\t\t\t\t<div class=\"elementor-testimonial__text\">\n\t\t\t\t\t\tSzko\u0142a Podstawowa nr 33 z Oddzia\u0142ami Dwuj\u0119zycznymi im. Stanis\u0142awa Ligonia w Katowicach jest plac\u00f3wk\u0105, kt\u00f3ra aktywnie anga\u017cuje si\u0119 w proczytelnicze dzia\u0142ania. By\u0142a jednym z organizator\u00f3w Konkursu Promuj\u0105cego Czytanie \u201eCzytaMy\u201d, w ramach akcji Ratownicy Czytelnictwa.\n\nWsparcie plac\u00f3wki, jako reprezentuj\u0105cej \u015brodowisko szkolne jest niezwykle wa\u017cne dla projektu i dzia\u0142a\u0144 FPC.\t\t\t\t\t<\/div>\n\t\t\t\t<\/div>\n\t\t\t\t\t<\/div>\n\t\t\t\t\t\t\t\t<\/div>\n\t\t\t\t\t\t\t\t\t\t\t<div class=\"swiper-slide\" role=\"group\" aria-roledescription=\"slide\">\n\t\t\t\t\t\t\t\t\t<div class=\"elementor-testimonial elementor-repeater-item-4c8e77d\">\n\t\t\t\t\t\t\t<div class=\"elementor-testimonial__header\">\n\t\t\t\t\t\t\t\t\t\t\t<div class=\"elementor-testimonial__image\">\n\t\t\t\t\t\t\t<img decoding=\"async\" src=\"https:\/\/www.fpc.org.pl\/wp-content\/uploads\/2024\/08\/5.png\" alt=\"Stowarzyszenie Bibliotekarzy Polskich\">\n\t\t\t\t\t\t\t\t\t\t\t\t\t<\/div>\n\t\t\t\t\t\t\t\t\t\t<cite class=\"elementor-testimonial__cite\"><span class=\"elementor-testimonial__name\">Stowarzyszenie Bibliotekarzy Polskich<\/span><\/cite>\t\t\t\t\t<div class=\"elementor-testimonial__icon elementor-icon elementor-icon-\" aria-label=\"Read More\"><\/div>\t\t\t\t<\/div>\n\t\t\t\t\t\t\t\t\t\t<div class=\"elementor-testimonial__content\">\n\t\t\t\t\t<div class=\"elementor-testimonial__text\">\n\t\t\t\t\t\tStowarzyszenie Bibliotekarzy Polskich zajmuje si\u0119 wspieraniem dzia\u0142a\u0144 bibliotek i ca\u0142ego \u015brodowiska bibliotekarskiego. To organizacja z blisko stuletni\u0105 tradycj\u0105, zrzeszaj\u0105ca ponad 5,5 tys. os\u00f3b. Jej misj\u0105 jest podnoszenia kompetencji bibliotekarzy i rozw\u00f3j bibliotek.\n\nZ FPC dzieli si\u0119 do\u015bwiadczeniami i wsp\u00f3\u0142pracuje w ramach Supermocy Ksi\u0105\u017cek w Domu.\t\t\t\t\t<\/div>\n\t\t\t\t<\/div>\n\t\t\t\t\t<\/div>\n\t\t\t\t\t\t\t\t<\/div>\n\t\t\t\t\t\t\t\t\t\t\t<div class=\"swiper-slide\" role=\"group\" aria-roledescription=\"slide\">\n\t\t\t\t\t\t\t\t\t<div class=\"elementor-testimonial elementor-repeater-item-4aea25a\">\n\t\t\t\t\t\t\t<div class=\"elementor-testimonial__header\">\n\t\t\t\t\t\t\t\t\t\t\t<div class=\"elementor-testimonial__image\">\n\t\t\t\t\t\t\t<img decoding=\"async\" src=\"https:\/\/www.fpc.org.pl\/wp-content\/uploads\/2024\/08\/6.png\" alt=\"Psychologia Edukacyjna\">\n\t\t\t\t\t\t\t\t\t\t\t\t\t<\/div>\n\t\t\t\t\t\t\t\t\t\t<cite class=\"elementor-testimonial__cite\"><span class=\"elementor-testimonial__name\">Psychologia Edukacyjna<\/span><\/cite>\t\t\t\t\t<div class=\"elementor-testimonial__icon elementor-icon elementor-icon-\" aria-label=\"Read More\"><\/div>\t\t\t\t<\/div>\n\t\t\t\t\t\t\t\t\t\t<div class=\"elementor-testimonial__content\">\n\t\t\t\t\t<div class=\"elementor-testimonial__text\">\n\t\t\t\t\t\tPsychologia Edukacyjna to portal edukacyjny tworzony przez psycholog\u00f3w po\u015bwi\u0119cony tematom zwi\u0105zanym z edukacj\u0105 i wychowaniem dzieci.\n\nRazem dzia\u0142amy w ramach programu Ratownicy Czytelnictwa, upowszechniaj\u0105c czytelnictwo w\u015br\u00f3d najm\u0142odszych, m.in. przez polecanie dobrych ksi\u0105\u017cek, wa\u017cnych dla ich prawid\u0142owego rozwoju.\t\t\t\t\t<\/div>\n\t\t\t\t<\/div>\n\t\t\t\t\t<\/div>\n\t\t\t\t\t\t\t\t<\/div>\n\t\t\t\t\t\t\t\t\t\t\t<div class=\"swiper-slide\" role=\"group\" aria-roledescription=\"slide\">\n\t\t\t\t\t\t\t\t\t<div class=\"elementor-testimonial elementor-repeater-item-0451c80\">\n\t\t\t\t\t\t\t<div class=\"elementor-testimonial__header\">\n\t\t\t\t\t\t\t\t\t\t\t<div class=\"elementor-testimonial__image\">\n\t\t\t\t\t\t\t<img decoding=\"async\" src=\"https:\/\/www.fpc.org.pl\/wp-content\/uploads\/2024\/08\/7.png\" alt=\"Tech To The Rescue\">\n\t\t\t\t\t\t\t\t\t\t\t\t\t<\/div>\n\t\t\t\t\t\t\t\t\t\t<cite class=\"elementor-testimonial__cite\"><span class=\"elementor-testimonial__name\">Tech To The Rescue<\/span><\/cite>\t\t\t\t\t<div class=\"elementor-testimonial__icon elementor-icon elementor-icon-\" aria-label=\"Read More\"><\/div>\t\t\t\t<\/div>\n\t\t\t\t\t\t\t\t\t\t<div class=\"elementor-testimonial__content\">\n\t\t\t\t\t<div class=\"elementor-testimonial__text\">\n\t\t\t\t\t\tTech To The Rescue Foundation u\u0142atwia wsp\u00f3\u0142prac\u0119 firm technologicznych z podmiotami trzeciego sektora potrzebuj\u0105cymi wparcia IT w rozwijaniu projekt\u00f3w. W swojej dzia\u0142alno\u015bci wspiera inicjatywy zajmuj\u0105ce si\u0119 najbardziej istotnymi wyzwaniami wsp\u00f3\u0142czesnego spo\u0142ecze\u0144stwa. Wykorzystuje technologie cyfrowe do tego, aby wa\u017cne i szczytne projekty mog\u0142y zwi\u0119ksza\u0107 sw\u00f3j zasi\u0119g i wp\u0142yw.\n\nTttR zdecydowa\u0142a si\u0119 wesprze\u0107 FPC, aby\u015bmy mogli szerzej i skuteczniej prowadzi\u0107 dzia\u0142ania upowszechniaj\u0105ce czytelnictwo.\t\t\t\t\t<\/div>\n\t\t\t\t<\/div>\n\t\t\t\t\t<\/div>\n\t\t\t\t\t\t\t\t<\/div>\n\t\t\t\t\t\t\t\t\t\t\t<div class=\"swiper-slide\" role=\"group\" aria-roledescription=\"slide\">\n\t\t\t\t\t\t\t\t\t<div class=\"elementor-testimonial elementor-repeater-item-3c4944e\">\n\t\t\t\t\t\t\t<div class=\"elementor-testimonial__header\">\n\t\t\t\t\t\t\t\t\t\t\t<div class=\"elementor-testimonial__image\">\n\t\t\t\t\t\t\t<img decoding=\"async\" src=\"https:\/\/www.fpc.org.pl\/wp-content\/uploads\/2024\/08\/8.png\" alt=\"Narodowe Centrum Kultury\">\n\t\t\t\t\t\t\t\t\t\t\t\t\t<\/div>\n\t\t\t\t\t\t\t\t\t\t<cite class=\"elementor-testimonial__cite\"><span class=\"elementor-testimonial__name\">Narodowe Centrum Kultury<\/span><\/cite>\t\t\t\t\t<div class=\"elementor-testimonial__icon elementor-icon elementor-icon-\" aria-label=\"Read More\"><\/div>\t\t\t\t<\/div>\n\t\t\t\t\t\t\t\t\t\t<div class=\"elementor-testimonial__content\">\n\t\t\t\t\t<div class=\"elementor-testimonial__text\">\n\t\t\t\t\t\tNarodowe Centrum Kultury - pa\u0144stwowa instytucja, kt\u00f3ra w swoich dzia\u0142aniach na rzecz rozwoju kultury zajmuje si\u0119 tak\u017ce inspirowaniem i wspomaganiem dzia\u0142aj\u0105cych w sferze kultury i dziedzictwa narodowego ruch\u00f3w spo\u0142ecznych oraz organizacji pozarz\u0105dowych. Realizuje projekty promuj\u0105ce czytelnictwo, jak Narodowe Czytanie i Narodowy Program Rozwoju Czytelnictwa 2.0, kt\u00f3ry wspiera tak\u017ce Fundacja Powszechnego Czytania.\t\t\t\t\t<\/div>\n\t\t\t\t<\/div>\n\t\t\t\t\t<\/div>\n\t\t\t\t\t\t\t\t<\/div>\n\t\t\t\t\t\t\t\t\t\t\t<div class=\"swiper-slide\" role=\"group\" aria-roledescription=\"slide\">\n\t\t\t\t\t\t\t\t\t<div class=\"elementor-testimonial elementor-repeater-item-fca1578\">\n\t\t\t\t\t\t\t<div class=\"elementor-testimonial__header\">\n\t\t\t\t\t\t\t\t\t\t\t<div class=\"elementor-testimonial__image\">\n\t\t\t\t\t\t\t<img decoding=\"async\" src=\"https:\/\/www.fpc.org.pl\/wp-content\/uploads\/2024\/08\/9.png\" alt=\"Polpharma\">\n\t\t\t\t\t\t\t\t\t\t\t\t\t<\/div>\n\t\t\t\t\t\t\t\t\t\t<cite class=\"elementor-testimonial__cite\"><span class=\"elementor-testimonial__name\">Polpharma<\/span><\/cite>\t\t\t\t\t<div class=\"elementor-testimonial__icon elementor-icon elementor-icon-\" aria-label=\"Read More\"><\/div>\t\t\t\t<\/div>\n\t\t\t\t\t\t\t\t\t\t<div class=\"elementor-testimonial__content\">\n\t\t\t\t\t<div class=\"elementor-testimonial__text\">\n\t\t\t\t\t\tLider polskiego rynku farmaceutycznego i jeden z wiod\u0105cych producent\u00f3w lek\u00f3w w regionie Europy \u015arodkowo-Wschodniej. Wchodzi w sk\u0142ad silnej mi\u0119dzynarodowej grupy farmaceutycznej, oferuj\u0105cej nowoczesne leki, substancje oraz innowacyjne rozwi\u0105zania dla pacjent\u00f3w i partner\u00f3w biznesowych z ca\u0142ego \u015bwiata. Jej fabryki opuszcza rocznie 400 mln opakowa\u0144 lek\u00f3w.  Celem firmy jest pomaga\u0107 ludziom \u017cy\u0107 zdrowo w zdrowym \u015bwiecie.\n\nPolpharma wspiera akcj\u0119 \u201eKsi\u0105\u017cka na recept\u0119\u201d.\t\t\t\t\t<\/div>\n\t\t\t\t<\/div>\n\t\t\t\t\t<\/div>\n\t\t\t\t\t\t\t\t<\/div>\n\t\t\t\t\t\t\t\t\t<\/div>\n\t\t\t\t\t\t\t\t\t\t\t\t\t\t\t<div class=\"elementor-swiper-button elementor-swiper-button-prev\" role=\"button\" tabindex=\"0\" aria-label=\"Previous\">\n\t\t\t\t\t\t\t<i aria-hidden=\"true\" class=\"eicon-chevron-left\"><\/i>\t\t\t\t\t\t<\/div>\n\t\t\t\t\t\t<div class=\"elementor-swiper-button elementor-swiper-button-next\" role=\"button\" tabindex=\"0\" aria-label=\"Next\">\n\t\t\t\t\t\t\t<i aria-hidden=\"true\" class=\"eicon-chevron-right\"><\/i>\t\t\t\t\t\t<\/div>\n\t\t\t\t\t\t\t\t\t\t\t\t\t\t\t\t<div class=\"swiper-pagination\"><\/div>\n\t\t\t\t\t\t\t\t\t\t\t\t<\/div>\n\t\t\t\t<\/div>\n\t\t\t\t\t\t\t\t<\/div>\n\t\t\t\t<\/div>\n\t\t\t\t\t<\/div>\n\t\t\t\t<\/div>\n\t\t<div class=\"elementor-element elementor-element-6363594 e-flex e-con-boxed e-con e-parent\" data-id=\"6363594\" data-element_type=\"container\" data-e-type=\"container\">\n\t\t\t\t\t<div class=\"e-con-inner\">\n\t\t\t\t<div class=\"elementor-element elementor-element-b3ed7c6 elementor-widget elementor-widget-spacer\" data-id=\"b3ed7c6\" data-element_type=\"widget\" data-e-type=\"widget\" data-widget_type=\"spacer.default\">\n\t\t\t\t<div class=\"elementor-widget-container\">\n\t\t\t\t\t\t\t<div class=\"elementor-spacer\">\n\t\t\t<div class=\"elementor-spacer-inner\"><\/div>\n\t\t<\/div>\n\t\t\t\t\t\t<\/div>\n\t\t\t\t<\/div>\n\t\t\t\t\t<\/div>\n\t\t\t\t<\/div>\n\t\t\t\t<\/div>\n\t\t","protected":false},"excerpt":{"rendered":"<p>o nas Wsp\u00f3\u0142praca Chcieliby\u015bmy, by czytelnictwo w Polsce osi\u0105gn\u0119\u0142o poziom jaki osi\u0105ga w wielu krajach europejskich: oko\u0142o 70%.Dzi\u015b jedynie 40% naszej populacji czyta. Przeprowadzenie tej zmiany to jedno z najwa\u017cniejszych i zarazem najtrudniejszych wyzwa\u0144 wsp\u00f3\u0142czesnej Polski.Wymaga wsp\u00f3lnej wyt\u0119\u017conej pracy bardzo wielu si\u0142 i pot\u0119\u017cnych inwestycji \u2013 a przysz\u0142y rozw\u00f3j naszego kraju b\u0119dzie od tego zale\u017ca\u0142&#8230;.<\/p>","protected":false},"author":2,"featured_media":0,"parent":0,"menu_order":0,"comment_status":"closed","ping_status":"closed","template":"","meta":{"_acf_changed":false,"give_campaign_id":0,"footnotes":""},"class_list":["post-18129","page","type-page","status-publish","hentry","odd"],"acf":[],"campaignId":"","_links":{"self":[{"href":"https:\/\/www.fpc.org.pl\/eng\/wp-json\/wp\/v2\/pages\/18129","targetHints":{"allow":["GET"]}}],"collection":[{"href":"https:\/\/www.fpc.org.pl\/eng\/wp-json\/wp\/v2\/pages"}],"about":[{"href":"https:\/\/www.fpc.org.pl\/eng\/wp-json\/wp\/v2\/types\/page"}],"author":[{"embeddable":true,"href":"https:\/\/www.fpc.org.pl\/eng\/wp-json\/wp\/v2\/users\/2"}],"replies":[{"embeddable":true,"href":"https:\/\/www.fpc.org.pl\/eng\/wp-json\/wp\/v2\/comments?post=18129"}],"version-history":[{"count":16,"href":"https:\/\/www.fpc.org.pl\/eng\/wp-json\/wp\/v2\/pages\/18129\/revisions"}],"predecessor-version":[{"id":990045,"href":"https:\/\/www.fpc.org.pl\/eng\/wp-json\/wp\/v2\/pages\/18129\/revisions\/990045"}],"wp:attachment":[{"href":"https:\/\/www.fpc.org.pl\/eng\/wp-json\/wp\/v2\/media?parent=18129"}],"curies":[{"name":"wp","href":"https:\/\/api.w.org\/{rel}","templated":true}]}}