{"id":13750,"date":"2017-07-21T18:04:59","date_gmt":"2017-07-21T18:04:59","guid":{"rendered":"http:\/\/caridad-old.demo.vamtam.com\/?page_id=13750"},"modified":"2024-08-24T14:30:35","modified_gmt":"2024-08-24T12:30:35","slug":"aktualnosci","status":"publish","type":"page","link":"https:\/\/www.fpc.org.pl\/eng\/aktualnosci\/","title":{"rendered":"News"},"content":{"rendered":"\t\t<div data-elementor-type=\"wp-page\" data-elementor-id=\"13750\" class=\"elementor elementor-13750\" data-elementor-post-type=\"page\">\n\t\t\t\t\t\t<section class=\"elementor-section elementor-top-section elementor-element elementor-element-b3733f6 animated-fast elementor-section-boxed elementor-section-height-default elementor-section-height-default elementor-invisible\" data-id=\"b3733f6\" data-element_type=\"section\" data-e-type=\"section\" data-settings=\"{&quot;animation&quot;:&quot;fadeIn&quot;,&quot;animation_tablet&quot;:&quot;none&quot;}\">\n\t\t\t\t\t\t<div class=\"elementor-container elementor-column-gap-default\">\n\t\t\t\t\t<div class=\"elementor-column elementor-col-100 elementor-top-column elementor-element elementor-element-8c046b3\" data-id=\"8c046b3\" data-element_type=\"column\" data-e-type=\"column\" data-settings=\"{&quot;motion_fx_motion_fx_scrolling&quot;:&quot;yes&quot;,&quot;motion_fx_translateY_effect&quot;:&quot;yes&quot;,&quot;motion_fx_translateY_speed&quot;:{&quot;unit&quot;:&quot;px&quot;,&quot;size&quot;:1,&quot;sizes&quot;:[]},&quot;motion_fx_devices&quot;:[&quot;desktop&quot;],&quot;motion_fx_translateY_affectedRange&quot;:{&quot;unit&quot;:&quot;%&quot;,&quot;size&quot;:&quot;&quot;,&quot;sizes&quot;:{&quot;start&quot;:0,&quot;end&quot;:100}}}\">\n\t\t\t<div class=\"elementor-widget-wrap elementor-element-populated\">\n\t\t\t\t\t\t<div class=\"elementor-element elementor-element-e799e96 elementor-widget elementor-widget-heading\" data-id=\"e799e96\" data-element_type=\"widget\" data-e-type=\"widget\" data-widget_type=\"heading.default\">\n\t\t\t\t<div class=\"elementor-widget-container\">\n\t\t\t\t\t<h4 class=\"elementor-heading-title elementor-size-default\">CO S\u0141YCHA\u0106 W FUNDACJI?<\/h4>\t\t\t\t<\/div>\n\t\t\t\t<\/div>\n\t\t\t\t\t<\/div>\n\t\t<\/div>\n\t\t\t\t\t<\/div>\n\t\t<\/section>\n\t\t\t\t<section class=\"elementor-section elementor-top-section elementor-element elementor-element-4a973a9 elementor-section-boxed elementor-section-height-default elementor-section-height-default\" data-id=\"4a973a9\" data-element_type=\"section\" data-e-type=\"section\">\n\t\t\t\t\t\t<div class=\"elementor-container elementor-column-gap-default\">\n\t\t\t\t\t<div class=\"elementor-column elementor-col-100 elementor-top-column elementor-element elementor-element-ef2f9ca\" data-id=\"ef2f9ca\" data-element_type=\"column\" data-e-type=\"column\">\n\t\t\t<div class=\"elementor-widget-wrap elementor-element-populated\">\n\t\t\t\t\t\t<div class=\"elementor-element elementor-element-e76edc8 elementor-grid-2 elementor-grid-tablet-2 elementor-grid-mobile-1 elementor-posts--thumbnail-top vamtam-has-theme-read-more-style elementor-widget elementor-widget-posts\" data-id=\"e76edc8\" data-element_type=\"widget\" data-e-type=\"widget\" data-settings=\"{&quot;classic_row_gap&quot;:{&quot;unit&quot;:&quot;px&quot;,&quot;size&quot;:100,&quot;sizes&quot;:[]},&quot;classic_row_gap_tablet&quot;:{&quot;unit&quot;:&quot;px&quot;,&quot;size&quot;:40,&quot;sizes&quot;:[]},&quot;pagination_type&quot;:&quot;numbers&quot;,&quot;classic_columns&quot;:&quot;2&quot;,&quot;classic_columns_tablet&quot;:&quot;2&quot;,&quot;classic_columns_mobile&quot;:&quot;1&quot;,&quot;classic_row_gap_mobile&quot;:{&quot;unit&quot;:&quot;px&quot;,&quot;size&quot;:&quot;&quot;,&quot;sizes&quot;:[]}}\" data-widget_type=\"posts.classic\">\n\t\t\t\t<div class=\"elementor-widget-container\">\n\t\t\t\t\t\t\t<div class=\"elementor-posts-container elementor-posts elementor-posts--skin-classic elementor-grid\" role=\"list\">\n\t\t\t\t<article class=\"elementor-post elementor-grid-item post-999635 post type-post status-publish format-standard has-post-thumbnail hentry category-dziekujemy tag-fela tag-fpc tag-fundacja-powszechnego-czytania odd\" role=\"listitem\">\n\t\t\t\t<a class=\"elementor-post__thumbnail__link\" href=\"https:\/\/www.fpc.org.pl\/eng\/fundacja-powszechnego-czytania-czlonkiem-fela\/\" tabindex=\"-1\" >\n\t\t\t<div class=\"elementor-post__thumbnail\"><img decoding=\"async\" src=\"https:\/\/www.fpc.org.pl\/wp-content\/uploads\/2026\/04\/FELA_FPC_www.jpg\" title=\"FELA_FPC_www\" alt=\"FELA_FPC_www\" loading=\"lazy\" \/><\/div>\n\t\t<\/a>\n\t\t\t\t<div class=\"elementor-post__text\">\n\t\t\t\t<h4 class=\"elementor-post__title\">\n\t\t\t<a href=\"https:\/\/www.fpc.org.pl\/eng\/fundacja-powszechnego-czytania-czlonkiem-fela\/\" >\n\t\t\t\tFundacja Powszechnego Czytania cz\u0142onkiem FELA\t\t\t<\/a>\n\t\t<\/h4>\n\t\t\n\t\t<a class=\"elementor-post__read-more\" href=\"https:\/\/www.fpc.org.pl\/eng\/fundacja-powszechnego-czytania-czlonkiem-fela\/\" aria-label=\"Read more about Fundacja Powszechnego Czytania cz\u0142onkiem FELA\" tabindex=\"-1\" >\n\t\t\tCzytaj\t\t<\/a>\n\n\t\t\t\t<\/div>\n\t\t\t\t<\/article>\n\t\t\t\t<article class=\"elementor-post elementor-grid-item post-999289 post type-post status-publish format-standard has-post-thumbnail hentry category-nasze-dzialania category-polecamy tag-fundacja-powszechnego-czytania-ksiazka-chroni even\" role=\"listitem\">\n\t\t\t\t<a class=\"elementor-post__thumbnail__link\" href=\"https:\/\/www.fpc.org.pl\/eng\/czytajaca-polska-swietuje-swiatowy-dzien-ksiazki-i-praw-autorskich-unesco-w-calej-polsce-copy\/\" tabindex=\"-1\" >\n\t\t\t<div class=\"elementor-post__thumbnail\"><img decoding=\"async\" src=\"https:\/\/www.fpc.org.pl\/wp-content\/uploads\/2026\/04\/FPC_Ksiazka_Chroni_-scaled.png\" title=\"FPC_Ksi\u0105\u017cka_Chroni_\" alt=\"FPC_Ksi\u0105\u017cka_Chroni_\" loading=\"lazy\" \/><\/div>\n\t\t<\/a>\n\t\t\t\t<div class=\"elementor-post__text\">\n\t\t\t\t<h4 class=\"elementor-post__title\">\n\t\t\t<a href=\"https:\/\/www.fpc.org.pl\/eng\/czytajaca-polska-swietuje-swiatowy-dzien-ksiazki-i-praw-autorskich-unesco-w-calej-polsce-copy\/\" >\n\t\t\t\tKsi\u0105\u017cka chroni psychik\u0119 dziecka. Rusza akcja Fundacji Powszechnego Czytania\t\t\t<\/a>\n\t\t<\/h4>\n\t\t\n\t\t<a class=\"elementor-post__read-more\" href=\"https:\/\/www.fpc.org.pl\/eng\/czytajaca-polska-swietuje-swiatowy-dzien-ksiazki-i-praw-autorskich-unesco-w-calej-polsce-copy\/\" aria-label=\"Read more about Ksi\u0105\u017cka chroni psychik\u0119 dziecka. Rusza akcja Fundacji Powszechnego Czytania\" tabindex=\"-1\" >\n\t\t\tCzytaj\t\t<\/a>\n\n\t\t\t\t<\/div>\n\t\t\t\t<\/article>\n\t\t\t\t<article class=\"elementor-post elementor-grid-item post-998990 post type-post status-publish format-standard has-post-thumbnail hentry category-nasze-dzialania category-polecamy tag-czytajaca-polska tag-fpc tag-fundacja-powszechnego-czytania odd\" role=\"listitem\">\n\t\t\t\t<a class=\"elementor-post__thumbnail__link\" href=\"https:\/\/www.fpc.org.pl\/eng\/czytajaca-polska-swietuje-swiatowy-dzien-ksiazki-i-praw-autorskich-unesco-w-calej-polsce\/\" tabindex=\"-1\" >\n\t\t\t<div class=\"elementor-post__thumbnail\"><img decoding=\"async\" src=\"https:\/\/www.fpc.org.pl\/wp-content\/uploads\/2026\/04\/3.jpg\" title=\"3\" alt=\"3\" loading=\"lazy\" \/><\/div>\n\t\t<\/a>\n\t\t\t\t<div class=\"elementor-post__text\">\n\t\t\t\t<h4 class=\"elementor-post__title\">\n\t\t\t<a href=\"https:\/\/www.fpc.org.pl\/eng\/czytajaca-polska-swietuje-swiatowy-dzien-ksiazki-i-praw-autorskich-unesco-w-calej-polsce\/\" >\n\t\t\t\tCzytaj\u0105ca Polska \u015bwi\u0119tuje \u015awiatowy Dzie\u0144 Ksi\u0105\u017cki i Praw Autorskich UNESCO w ca\u0142ej Polsce\t\t\t<\/a>\n\t\t<\/h4>\n\t\t\n\t\t<a class=\"elementor-post__read-more\" href=\"https:\/\/www.fpc.org.pl\/eng\/czytajaca-polska-swietuje-swiatowy-dzien-ksiazki-i-praw-autorskich-unesco-w-calej-polsce\/\" aria-label=\"Read more about Czytaj\u0105ca Polska \u015bwi\u0119tuje \u015awiatowy Dzie\u0144 Ksi\u0105\u017cki i Praw Autorskich UNESCO w ca\u0142ej Polsce\" tabindex=\"-1\" >\n\t\t\tCzytaj\t\t<\/a>\n\n\t\t\t\t<\/div>\n\t\t\t\t<\/article>\n\t\t\t\t<article class=\"elementor-post elementor-grid-item post-998723 post type-post status-publish format-standard has-post-thumbnail hentry category-nasze-dzialania category-polecamy tag-czytajaca-polska tag-fpc tag-fundacja-powszechnego-czytania even\" role=\"listitem\">\n\t\t\t\t<a class=\"elementor-post__thumbnail__link\" href=\"https:\/\/www.fpc.org.pl\/eng\/nowa-opowiesc-o-czytaniu-czyli-wspolpraca-ktora-przynosi-efekty-koalicja-czytajaca-polska-spotkala-sie-po-raz-dziesiaty\/\" tabindex=\"-1\" >\n\t\t\t<div class=\"elementor-post__thumbnail\"><img decoding=\"async\" src=\"https:\/\/www.fpc.org.pl\/wp-content\/uploads\/2026\/04\/Czytajaca_Polska_Lodz_2026.png\" title=\"Czytaj\u0105ca_Polska_\u0141\u00f3d\u017a_2026\" alt=\"Czytaj\u0105ca_Polska_\u0141\u00f3d\u017a_2026\" loading=\"lazy\" \/><\/div>\n\t\t<\/a>\n\t\t\t\t<div class=\"elementor-post__text\">\n\t\t\t\t<h4 class=\"elementor-post__title\">\n\t\t\t<a href=\"https:\/\/www.fpc.org.pl\/eng\/nowa-opowiesc-o-czytaniu-czyli-wspolpraca-ktora-przynosi-efekty-koalicja-czytajaca-polska-spotkala-sie-po-raz-dziesiaty\/\" >\n\t\t\t\tNowa opowie\u015b\u0107 o czytaniu, czyli wsp\u00f3\u0142praca, kt\u00f3ra przynosi efekty: koalicja \u201eCzytaj\u0105ca Polska\u201d spotka\u0142a si\u0119 po raz dziesi\u0105ty.\t\t\t<\/a>\n\t\t<\/h4>\n\t\t\n\t\t<a class=\"elementor-post__read-more\" href=\"https:\/\/www.fpc.org.pl\/eng\/nowa-opowiesc-o-czytaniu-czyli-wspolpraca-ktora-przynosi-efekty-koalicja-czytajaca-polska-spotkala-sie-po-raz-dziesiaty\/\" aria-label=\"Read more about Nowa opowie\u015b\u0107 o czytaniu, czyli wsp\u00f3\u0142praca, kt\u00f3ra przynosi efekty: koalicja \u201eCzytaj\u0105ca Polska\u201d spotka\u0142a si\u0119 po raz dziesi\u0105ty.\" tabindex=\"-1\" >\n\t\t\tCzytaj\t\t<\/a>\n\n\t\t\t\t<\/div>\n\t\t\t\t<\/article>\n\t\t\t\t<article class=\"elementor-post elementor-grid-item post-998427 post type-post status-publish format-standard has-post-thumbnail hentry category-zapraszamy tag-fpc tag-fundacja-powszechnego-czytania odd\" role=\"listitem\">\n\t\t\t\t<a class=\"elementor-post__thumbnail__link\" href=\"https:\/\/www.fpc.org.pl\/eng\/fundacja-powszechnego-czytania-partnerem-porozumienia-o-wspolpracy-w-zamosciu\/\" tabindex=\"-1\" >\n\t\t\t<div class=\"elementor-post__thumbnail\"><img decoding=\"async\" src=\"https:\/\/www.fpc.org.pl\/wp-content\/uploads\/2026\/03\/projekt-skorupka-26-1170x780-1.jpg\" title=\"projekt-skorupka-26-1170&#215;780\" alt=\"projekt-skorupka-26-1170x780\" loading=\"lazy\" \/><\/div>\n\t\t<\/a>\n\t\t\t\t<div class=\"elementor-post__text\">\n\t\t\t\t<h4 class=\"elementor-post__title\">\n\t\t\t<a href=\"https:\/\/www.fpc.org.pl\/eng\/fundacja-powszechnego-czytania-partnerem-porozumienia-o-wspolpracy-w-zamosciu\/\" >\n\t\t\t\tFundacja Powszechnego Czytania partnerem porozumienia o wsp\u00f3\u0142pracy w Zamo\u015bciu\t\t\t<\/a>\n\t\t<\/h4>\n\t\t\n\t\t<a class=\"elementor-post__read-more\" href=\"https:\/\/www.fpc.org.pl\/eng\/fundacja-powszechnego-czytania-partnerem-porozumienia-o-wspolpracy-w-zamosciu\/\" aria-label=\"Read more about Fundacja Powszechnego Czytania partnerem porozumienia o wsp\u00f3\u0142pracy w Zamo\u015bciu\" tabindex=\"-1\" >\n\t\t\tCzytaj\t\t<\/a>\n\n\t\t\t\t<\/div>\n\t\t\t\t<\/article>\n\t\t\t\t<article class=\"elementor-post elementor-grid-item post-997673 post type-post status-publish format-standard has-post-thumbnail hentry category-nasze-dzialania tag-fpc tag-fundacja-powszechnego-czytania even\" role=\"listitem\">\n\t\t\t\t<a class=\"elementor-post__thumbnail__link\" href=\"https:\/\/www.fpc.org.pl\/eng\/asystent-asystentka-rekrutacja\/\" tabindex=\"-1\" >\n\t\t\t<div class=\"elementor-post__thumbnail\"><img decoding=\"async\" src=\"https:\/\/www.fpc.org.pl\/wp-content\/uploads\/2026\/03\/aktualnosci_ogloszenie_praca_fpc.jpg\" title=\"aktualno\u015bci_og\u0142oszenie_praca_fpc\" alt=\"aktualno\u015bci_og\u0142oszenie_praca_fpc\" loading=\"lazy\" \/><\/div>\n\t\t<\/a>\n\t\t\t\t<div class=\"elementor-post__text\">\n\t\t\t\t<h4 class=\"elementor-post__title\">\n\t\t\t<a href=\"https:\/\/www.fpc.org.pl\/eng\/asystent-asystentka-rekrutacja\/\" >\n\t\t\t\tOtwarta rekrutacja na stanowisko Asystentki \/ Asystenta Prezeski Zarz\u0105du\t\t\t<\/a>\n\t\t<\/h4>\n\t\t\n\t\t<a class=\"elementor-post__read-more\" href=\"https:\/\/www.fpc.org.pl\/eng\/asystent-asystentka-rekrutacja\/\" aria-label=\"Read more about Otwarta rekrutacja na stanowisko Asystentki \/ Asystenta Prezeski Zarz\u0105du\" tabindex=\"-1\" >\n\t\t\tCzytaj\t\t<\/a>\n\n\t\t\t\t<\/div>\n\t\t\t\t<\/article>\n\t\t\t\t<\/div>\n\t\t\n\t\t\t\t<div class=\"e-load-more-anchor\" data-page=\"1\" data-max-page=\"31\" data-next-page=\"https:\/\/www.fpc.org.pl\/eng\/wp-json\/wp\/v2\/pages\/13750\/page\/2\/\"><\/div>\n\t\t\t\t<nav class=\"elementor-pagination\" aria-label=\"Pagination\">\n\t\t\t<span aria-current=\"page\" class=\"page-numbers current\"><span class=\"elementor-screen-only\">Page<\/span>1<\/span>\n<a class=\"page-numbers\" href=\"https:\/\/www.fpc.org.pl\/eng\/wp-json\/wp\/v2\/pages\/13750\/page\/2\/\"><span class=\"elementor-screen-only\">Page<\/span>2<\/a>\n<a class=\"page-numbers\" href=\"https:\/\/www.fpc.org.pl\/eng\/wp-json\/wp\/v2\/pages\/13750\/page\/3\/\"><span class=\"elementor-screen-only\">Page<\/span>3<\/a>\n<a class=\"page-numbers\" href=\"https:\/\/www.fpc.org.pl\/eng\/wp-json\/wp\/v2\/pages\/13750\/page\/4\/\"><span class=\"elementor-screen-only\">Page<\/span>4<\/a>\n<a class=\"page-numbers\" href=\"https:\/\/www.fpc.org.pl\/eng\/wp-json\/wp\/v2\/pages\/13750\/page\/5\/\"><span class=\"elementor-screen-only\">Page<\/span>5<\/a>\t\t<\/nav>\n\t\t\t\t\t\t<\/div>\n\t\t\t\t<\/div>\n\t\t\t\t\t<\/div>\n\t\t<\/div>\n\t\t\t\t\t<\/div>\n\t\t<\/section>\n\t\t\t\t<\/div>\n\t\t","protected":false},"excerpt":{"rendered":"<p>WHAT&#039;S HAPPENING AT THE FOUNDATION?<\/p>","protected":false},"author":2,"featured_media":0,"parent":0,"menu_order":0,"comment_status":"closed","ping_status":"closed","template":"","meta":{"_acf_changed":false,"give_campaign_id":0,"footnotes":""},"class_list":["post-13750","page","type-page","status-publish","hentry","odd"],"acf":[],"campaignId":"","_links":{"self":[{"href":"https:\/\/www.fpc.org.pl\/eng\/wp-json\/wp\/v2\/pages\/13750","targetHints":{"allow":["GET"]}}],"collection":[{"href":"https:\/\/www.fpc.org.pl\/eng\/wp-json\/wp\/v2\/pages"}],"about":[{"href":"https:\/\/www.fpc.org.pl\/eng\/wp-json\/wp\/v2\/types\/page"}],"author":[{"embeddable":true,"href":"https:\/\/www.fpc.org.pl\/eng\/wp-json\/wp\/v2\/users\/2"}],"replies":[{"embeddable":true,"href":"https:\/\/www.fpc.org.pl\/eng\/wp-json\/wp\/v2\/comments?post=13750"}],"version-history":[{"count":23,"href":"https:\/\/www.fpc.org.pl\/eng\/wp-json\/wp\/v2\/pages\/13750\/revisions"}],"predecessor-version":[{"id":990123,"href":"https:\/\/www.fpc.org.pl\/eng\/wp-json\/wp\/v2\/pages\/13750\/revisions\/990123"}],"wp:attachment":[{"href":"https:\/\/www.fpc.org.pl\/eng\/wp-json\/wp\/v2\/media?parent=13750"}],"curies":[{"name":"wp","href":"https:\/\/api.w.org\/{rel}","templated":true}]}}